{"id":1634,"date":"2022-06-24T19:51:31","date_gmt":"2022-06-24T17:51:31","guid":{"rendered":"https:\/\/www.lzmanagement.it\/cours-de-formation-a-la-securite\/"},"modified":"2023-03-30T19:13:47","modified_gmt":"2023-03-30T17:13:47","slug":"cours-de-formation-a-la-securite","status":"publish","type":"page","link":"https:\/\/www.lzmanagement.it\/fr\/cours-de-formation-a-la-securite\/","title":{"rendered":"Cours de formation \u00e0 la s\u00e9curit\u00e9"},"content":{"rendered":"<section class=\"l-section wpb_row height_medium with_img\"><div class=\"l-section-img lazyload\" style=\"background-image:inherit;background-position: top center;background-repeat: no-repeat;\" data-img-width=\"1920\" data-img-height=\"724\" data-bg-image=\"url(https:\/\/www.lzmanagement.it\/wp-content\/uploads\/2022\/06\/corsi-sulla-sicurezza-per-il-lavoro.jpg)\"><\/div><div class=\"l-section-h i-cf\"><div class=\"g-cols vc_row via_grid cols_1-3 laptops-cols_inherit tablets-cols_inherit mobiles-cols_1 valign_middle type_default stacking_default\"><div class=\"wpb_column vc_column_container\"><div class=\"vc_column-inner\"><\/div><\/div><div class=\"wpb_column vc_column_container\"><div class=\"vc_column-inner\"><div class=\"w-separator size_medium\"><\/div>[vc_custom_heading text=\u00a0\u00bbCOURS DE FORMATION SUR L&rsquo;ENTREPRISE ET LA S\u00c9CURIT\u00c9\u00a0\u00bb font_container=\u00a0\u00bbtag:h1|text_align:center|color:%23ffffff\u00a0\u00bb google_fonts=\u00a0\u00bbfont_family:Anton%3Aregular|font_style:400%20regular%3A400%3Anormal\u00a0\u00bb css=\u00a0\u00bb%7B%22default%22%3A%7B%22color%22%3A%22%231a1a1a%22%2C%22font-size%22%3A%225rem%22%2C%22line-height%22%3A%225rem%22%2C%22font-style%22%3A%22italic%22%2C%22text-shadow-h-offset%22%3A%226px%22%2C%22text-shadow-v-offset%22%3A%227px%22%2C%22text-shadow-blur%22%3A%228px%22%2C%22text-shadow-color%22%3A%22%23ffffff%22%7D%2C%22tablets%22%3A%7B%22font-size%22%3A%225rem%22%2C%22line-height%22%3A%225rem%22%7D%2C%22mobiles%22%3A%7B%22font-size%22%3A%223rem%22%2C%22line-height%22%3A%223rem%22%7D%7D\u00a0\u00bb el_class=\u00a0\u00bbtitolo-lz\u00a0\u00bb]<div class=\"wpb_text_column us_custom_936d0734 has_text_color\"><div class=\"wpb_wrapper\"><h2 class=\"main-title\" style=\"text-align: center;\">LA PREMI\u00c8RE ET UNIQUE ACAD\u00c9MIE DE S\u00dbRET\u00c9 ET DE S\u00c9CURIT\u00c9 EN ITALIE<\/h2>\n<\/div><\/div><div class=\"w-separator size_medium\"><\/div><\/div><\/div><\/div><\/div><\/section><section class=\"l-section wpb_row height_large\"><div class=\"l-section-h i-cf\"><div class=\"g-cols vc_row via_grid cols_3-1 laptops-cols_inherit tablets-cols_1 mobiles-cols_1 valign_top type_default stacking_default\"><div class=\"wpb_column vc_column_container\"><div class=\"vc_column-inner\"><div class=\"w-separator size_custom\" style=\"height:50px\"><\/div><div class=\"wpb_text_column us_custom_0f088a09 has_text_color\"><div class=\"wpb_wrapper\"><h3>Cours de formation sur la s\u00e9curit\u00e9 au travail<\/h3>\n<p>LZ Management a \u00e9t\u00e9 fond\u00e9e dans le but de proposer un<strong>large \u00e9ventail de formations dans le domaine de la s\u00e9curit\u00e9 priv\u00e9e<\/strong>, avec des <strong>cours certifi\u00e9s<\/strong> pour les gardes du corps, les d\u00e9l\u00e9gu\u00e9s \u00e0 la s\u00e9curit\u00e9 et les stewards pour les stades et les \u00e9v\u00e9nements sportifs.<\/p>\n<p>Au fil des ann\u00e9es, <strong>nous<\/strong> avons non seulement \u00e9largi notre offre de formation avec des cours, des formations, des certifications d&rsquo;entreprise ainsi que des cours et des formations scolaires, des cours de rattrapage, etc.<\/p>\n<p>LZ Management, <strong>bas\u00e9 \u00e0 Padoue, propose des cours et des formations \u00e0 Venise, V\u00e9rone, Vicence, Tr\u00e9vise, Trentino Alto Adige et Friuli Venezia Giulia<\/strong>.<\/p>\n<\/div><\/div><\/div><\/div><div class=\"wpb_column vc_column_container\"><div class=\"vc_column-inner\"><\/div><\/div><\/div><\/div><\/section><section class=\"l-section wpb_row height_large\"><div class=\"l-section-overlay\" style=\"background:#333333\"><\/div><div class=\"l-section-h i-cf\"><div class=\"g-cols vc_row via_grid cols_1 laptops-cols_inherit tablets-cols_inherit mobiles-cols_1 valign_top type_default stacking_default\"><div class=\"wpb_column vc_column_container\"><div class=\"vc_column-inner\"><div class=\"wpb_text_column\"><div class=\"wpb_wrapper\"><h2 style=\"text-align: center;\">En quoi consistent les cours de formation et de s\u00e9curit\u00e9 au travail ?<\/h2>\n<\/div><\/div><\/div><\/div><div class=\"wpb_column vc_column_container\"><div class=\"vc_column-inner\"><div class=\"g-cols wpb_row via_grid cols_custom laptops-cols_inherit tablets-cols_inherit mobiles-cols_1 valign_top type_default stacking_default\" style=\"--custom-columns:1fr 2fr 2fr 1fr \"><div class=\"wpb_column vc_column_container\"><div class=\"vc_column-inner\"><\/div><\/div><div class=\"wpb_column vc_column_container\"><div class=\"vc_column-inner\"><div class=\"wpb_text_column\"><div class=\"wpb_wrapper\"><p><strong>LUTTE CONTRE L&rsquo;INCENDIE<\/strong><\/p>\n<ul>\n<li>Cours de lutte contre l&rsquo;incendie &#8211; Risque faible \u00e0 moyen (et mise \u00e0 jour)<\/li>\n<li>Cours de remise \u00e0 niveau des officiers de lutte contre l&rsquo;incendie et d&rsquo;\u00e9vacuation Risque moyen \u00e0 \u00e9lev\u00e9 (et mise \u00e0 jour)<\/li>\n<\/ul>\n<\/div><\/div><\/div><\/div><div class=\"wpb_column vc_column_container\"><div class=\"vc_column-inner\"><div class=\"wpb_text_column\"><div class=\"wpb_wrapper\"><p><strong>PREMIERS SOINS<\/strong><\/p>\n<ul>\n<li>Cours de premiers secours pour les entreprises de type A &#8211; B &#8211; C<\/li>\n<li>Cours de formation aux premiers secours pour les entreprises de type A &#8211; B &#8211; C<\/li>\n<\/ul>\n<p><strong>Document d&rsquo;\u00e9valuation des risques DVR  <\/strong><\/p>\n<\/div><\/div><\/div><\/div><div class=\"wpb_column vc_column_container\"><div class=\"vc_column-inner\"><\/div><\/div><\/div><\/div><\/div><\/div><\/div><\/section><section class=\"l-section wpb_row height_small\"><div class=\"l-section-h i-cf\"><div class=\"g-cols vc_row via_grid cols_1 laptops-cols_inherit tablets-cols_inherit mobiles-cols_1 valign_top type_default stacking_default\"><div class=\"wpb_column vc_column_container\"><div class=\"vc_column-inner\"><div class=\"w-separator size_medium\"><\/div><div class=\"wpb_text_column us_custom_0f088a09 has_text_color\"><div class=\"wpb_wrapper\"><h3 style=\"text-align: center;\"><strong>S\u00c9CURIT\u00c9 (GDPR &#8211; LOI 81\/08)<\/strong><\/h3>\n<\/div><\/div><\/div><\/div><\/div><\/div><\/section><section class=\"l-section wpb_row height_small\"><div class=\"l-section-h i-cf\"><div class=\"g-cols vc_row via_grid cols_1-4-1 laptops-cols_inherit tablets-cols_inherit mobiles-cols_1 valign_top type_default stacking_default\"><div class=\"wpb_column vc_column_container\"><div class=\"vc_column-inner\"><\/div><\/div><div class=\"wpb_column vc_column_container\"><div class=\"vc_column-inner\"><div class=\"w-tabs style_default switch_click accordion has_scrolling\" style=\"--sections-title-size:inherit\"><div class=\"w-tabs-sections titles-align_none icon_chevron cpos_right\"><div class=\"w-tabs-section\" id=\"maa3\"><button aria-controls=\"content-maa3\" class=\"w-tabs-section-header\"><div class=\"w-tabs-section-title\">GDPR<\/div><div class=\"w-tabs-section-control\"><\/div><\/button><div  class=\"w-tabs-section-content\" id=\"content-maa3\" aria-expanded=\"false\"><div class=\"w-tabs-section-content-h i-cf\"><div class=\"wpb_text_column\"><div class=\"wpb_wrapper\"><p><strong>GDPR<\/strong>:<\/p>\n<ul>\n<li>\u00c9valuation du GDPR<\/li>\n<li>Registre des traitements<\/li>\n<li>Analyse des risques \/ DPIA<\/li>\n<li>Organigramme\/Nominations<\/li>\n<li>Politique de confidentialit\u00e9<\/li>\n<li>Nomination du DPD (dans les cas pr\u00e9vus)<\/li>\n<\/ul>\n<\/div><\/div><\/div><\/div><\/div><div class=\"w-tabs-section\" id=\"jc91\"><button aria-controls=\"content-jc91\" class=\"w-tabs-section-header\"><div class=\"w-tabs-section-title\">LOI 81\/08 : RSPP<\/div><div class=\"w-tabs-section-control\"><\/div><\/button><div  class=\"w-tabs-section-content\" id=\"content-jc91\" aria-expanded=\"false\"><div class=\"w-tabs-section-content-h i-cf\"><div class=\"wpb_text_column\"><div class=\"wpb_wrapper\"><p>LOI 81\/08 :<\/p>\n<p><strong>RSPP<\/strong><\/p>\n<ul>\n<li>Chef du service de pr\u00e9vention et de protection Employeur \u00e0 haut risque<\/li>\n<li>Cours RSPP &#8211; Employeur Risque faible &#8211; moyen &#8211; \u00e9lev\u00e9 (et mise \u00e0 jour)<\/li>\n<li>RSPP externe &#8211; Module A<\/li>\n<li>RSPP externe &#8211; Module B Commun<\/li>\n<li>RSPP externe &#8211; Module B SP-1 \u00ab\u00a0Agriculture et p\u00eache<\/li>\n<li>RSPP externe &#8211; Module B SP-2 \u00ab\u00a0Exploitation de carri\u00e8res et construction<\/li>\n<li>RSPP externe &#8211; Module B SP-3 \u00ab\u00a0Soins de sant\u00e9 r\u00e9sidentiels\u00a0\u00bb.<\/li>\n<li>RSPP Externe &#8211; Module B SP-4 \u00ab\u00a0Secteur chimique &#8211; p\u00e9trochimique \u00ab\u00a0RSPP Externe &#8211; Module C<\/li>\n<li>Cours de recyclage RSPP &#8211; Externe<\/li>\n<li>Cours de recyclage du PAES<\/li>\n<\/ul>\n<\/div><\/div><\/div><\/div><\/div><div class=\"w-tabs-section\" id=\"je8b\"><button aria-controls=\"content-je8b\" class=\"w-tabs-section-header\"><div class=\"w-tabs-section-title\">RLS<\/div><div class=\"w-tabs-section-control\"><\/div><\/button><div  class=\"w-tabs-section-content\" id=\"content-je8b\" aria-expanded=\"false\"><div class=\"w-tabs-section-content-h i-cf\"><div class=\"wpb_text_column\"><div class=\"wpb_wrapper\"><p><strong>RLS  <\/strong><\/p>\n<ul>\n<li>Cours RLS<\/li>\n<li>Cours de recyclage RLS pour les entreprises<\/li>\n<li>Cours de recyclage pour les coordinateurs de la s\u00e9curit\u00e9 sur les chantiers de construction<\/li>\n<li>Cours sur les risques chimiques et canc\u00e9rig\u00e8nes (et mise \u00e0 jour)<\/li>\n<li>Formation ou recyclage PES PAV PEI<\/li>\n<li>Cours de responsable de la s\u00e9curit\u00e9 (et mise \u00e0 jour)<\/li>\n<li>Cours pour les gestionnaires de la s\u00e9curit\u00e9 (et mise \u00e0 jour)<\/li>\n<li>Cours de formation pour les travailleurs g\u00e9n\u00e9raux (et mise \u00e0 jour)<\/li>\n<li>Cours de formation sp\u00e9cifique pour les travailleurs pr\u00e9sentant un risque faible, moyen ou \u00e9lev\u00e9<\/li>\n<li>Cours pour formateurs en s\u00e9curit\u00e9<\/li>\n<li>Cours sur les harnais de s\u00e9curit\u00e9<\/li>\n<li>Cours de formation Coordinateur de la s\u00e9curit\u00e9 sur les chantiers de construction<\/li>\n<li>Cours de formation pour les personnes travaillant dans des espaces confin\u00e9s ou suspect\u00e9s de pollution (et mise \u00e0 jour)<\/li>\n<li>Cours de formation sur les EPI de protection contre les chutes de troisi\u00e8me cat\u00e9gorie<\/li>\n<li>Cours de recyclage de l&rsquo;EPI de protection contre les chutes de 3e cat\u00e9gorie<\/li>\n<li>Cours de formation et d&rsquo;information des travailleurs sur la sant\u00e9 et la s\u00e9curit\u00e9 au travail Cours de 12 heures Formation sp\u00e9cifique Risque moyen<\/li>\n<li>Cours de formation et d&rsquo;information des travailleurs sur la sant\u00e9 et la s\u00e9curit\u00e9 au travail Cours de 16 heures Formation sp\u00e9cifique \u00e0 haut risque<\/li>\n<\/ul>\n<\/div><\/div><\/div><\/div><\/div><\/div><\/div><div class=\"w-separator size_medium\"><\/div><\/div><\/div><div class=\"wpb_column vc_column_container\"><div class=\"vc_column-inner\"><\/div><\/div><\/div><\/div><\/section><section class=\"l-section wpb_row height_custom\"><div class=\"l-section-overlay\" style=\"background:linear-gradient(90deg,#034e4a,#0c7a75)\"><\/div><div class=\"l-section-h i-cf\"><div class=\"g-cols vc_row via_grid cols_3 laptops-cols_inherit tablets-cols_inherit mobiles-cols_1 valign_top type_default stacking_default\"><div class=\"wpb_column vc_column_container\"><div class=\"vc_column-inner\">[vc_custom_heading text=\u00a0\u00bbCONTACTEZ-NOUS MAINTENANT\u00a0\u00bb font_container=\u00a0\u00bbtag:p|text_align:center\u00a0\u00bb google_fonts=\u00a0\u00bbfont_family:Anton%3Aregular|font_style:400%20regular%3A400%3Anormal\u00a0\u00bb css=\u00a0\u00bb%7B%22default%22%3A%7B%22color%22%3A%22%23ffffff%22%2C%22font-size%22%3A%2260px%22%2C%22line-height%22%3A%2260px%22%2C%22text-shadow-h-offset%22%3A%223px%22%2C%22text-shadow-v-offset%22%3A%223px%22%2C%22text-shadow-blur%22%3A%2210px%22%2C%22text-shadow-color%22%3A%22%232b2b2b%22%7D%7D\u00a0\u00bb]<div class=\"w-separator size_small\"><\/div><\/div><\/div><div class=\"wpb_column vc_column_container\"><div class=\"vc_column-inner\"><div class=\"w-btn-wrapper width_full\"><a class=\"w-btn us-btn-style_1 icon_atleft\" href=\"tel:+390495918781\"><i class=\"fad fa-fad fa-mobile\"><\/i><span class=\"w-btn-label\">+39 049 591 8781<\/span><\/a><\/div><\/div><\/div><div class=\"wpb_column vc_column_container\"><div class=\"vc_column-inner\"><div class=\"w-btn-wrapper width_full\"><a class=\"w-btn us-btn-style_1 icon_atleft\" href=\"mailto:booking@lzmanagement.it\"><i class=\"fad fa-fad fa-envelope\"><\/i><span class=\"w-btn-label\">booking@lzmanagement.it<\/span><\/a><\/div><\/div><\/div><\/div><\/div><\/section><section class=\"l-section wpb_row height_large\"><div class=\"l-section-overlay\" style=\"background:#333333\"><\/div><div class=\"l-section-h i-cf\"><div class=\"g-cols vc_row via_grid cols_1-4-1 laptops-cols_inherit tablets-cols_inherit mobiles-cols_1 valign_top type_default stacking_default\"><div class=\"wpb_column vc_column_container\"><div class=\"vc_column-inner\"><\/div><\/div><div class=\"wpb_column vc_column_container\"><div class=\"vc_column-inner\"><div class=\"wpb_text_column\"><div class=\"wpb_wrapper\"><h3 style=\"text-align: center;\">NOS CERTIFICATIONS ET CONSEILS<\/h3>\n<\/div><\/div><div class=\"w-separator size_small\"><\/div><div class=\"w-tabs style_default switch_click accordion has_scrolling\" style=\"--sections-title-size:inherit\"><div class=\"w-tabs-sections titles-align_none icon_chevron cpos_right\"><div class=\"w-tabs-section\" id=\"hd68\"><button aria-controls=\"content-hd68\" class=\"w-tabs-section-header\"><div class=\"w-tabs-section-title\">CERTIFICATIONS DE QUALIT\u00c9 ISO<\/div><div class=\"w-tabs-section-control\"><\/div><\/button><div  class=\"w-tabs-section-content\" id=\"content-hd68\" aria-expanded=\"false\"><div class=\"w-tabs-section-content-h i-cf\"><div class=\"wpb_text_column\"><div class=\"wpb_wrapper\"><p><em>SYST\u00c8MES DE QUALIT\u00c9 : ISO 9001 &#8211; IATF 16949 &#8211; ISO 9100 &#8211; ISO TS 22163 EN ISO 3834-2 : &#8211; UNI EN 15085 &#8211; EN 1090 SYST\u00c8MES DE GESTION ENVIRONNEMENTALE : ISO 14001 \u00c9THIQUE : SA 8000 CERTIFICATION DU SYST\u00c8ME DE GESTION ANTI-CORRUPTION : ISO 37001:2016 S\u00c9CURIT\u00c9 ALIMENTAIRE : ISO 22000:2018 EUREPGAP CERTIFICATION DE BONNES PRATIQUES AGRICOLES S\u00c9CURIT\u00c9 : ISO 45001:2018 MARQUAGE CE : QUALIT\u00c9 ET CONTR\u00d4LE DE LA PRODUCTION EN USINE CERTIFICATIONS FGAS CERTIFICATIONS SOA CERTIFICATION DE SERVICE : UNI 10891:2011 CENTRES DE SURVEILLANCE ET DE R\u00c9CEPTION DES ALARMES : UNI CEI EN 50518:2014 CONFIDENTIALIT\u00c9 : GDPR 2019\/679 CONFORMIT\u00c9S &#8211; D.LGS 101:2018<\/em><\/p>\n<p>QUALIT\u00c9 UNI EN ISO 9001:2015 &#8211; Conception et mise en \u0153uvre des syst\u00e8mes de management de la qualit\u00e9<\/p>\n<p>AUTOMOTIVE IATF 16949:2016 &#8211; Conception et mise en \u0153uvre de syst\u00e8mes de gestion de la qualit\u00e9 dans le secteur automobile<\/p>\n<p>AEROSPACE EN 9100:2016 &#8211; Conception et mise en \u0153uvre de syst\u00e8mes de management de la qualit\u00e9 dans le secteur a\u00e9rospatial<\/p>\n<p>CHEMIN DE FER ISO TS 22163:2017 &#8211; Conception et mise en \u0153uvre des syst\u00e8mes de management de la qualit\u00e9 dans le secteur ferroviaire EN 15085 &#8211; Soudage des v\u00e9hicules ferroviaires et de leurs composants \/ Partie 2 : Exigences de qualit\u00e9 et certification du fabricant<\/p>\n<p>SOUDAGE EN ISO 3834-2:2006 &#8211; Exigences de qualit\u00e9 \u00e9tendues pour le soudage par fusion des mat\u00e9riaux m\u00e9talliques en atelier et sur le site de fabrication UNI EN 15085 &#8211; Soudage des v\u00e9hicules ferroviaires et de leurs composants \/ Partie 2 : Exigences de qualit\u00e9 et certification du fabricant<\/p>\n<p>ENVIRONNEMENT UNI EN ISO 14001 &#8211; Conception et mise en \u0153uvre de syst\u00e8mes de management environnemental<\/p>\n<p>ETHIQUE SA 8000 &#8211; Conception et mise en \u0153uvre de syst\u00e8mes de gestion \u00e9thique<\/p>\n<p>ANTICORRUPTION ISO 37001 &#8211; Conception et mise en \u0153uvre de syst\u00e8mes de management anticorruption<\/p>\n<p>S\u00c9CURIT\u00c9 ISO 45001 &#8211; Conception et mise en \u0153uvre de syst\u00e8mes de management de la sant\u00e9 et de la s\u00e9curit\u00e9<\/p>\n<p>ALIMENTS ISO 22000 &#8211; Conception et mise en \u0153uvre de syst\u00e8mes de management de la s\u00e9curit\u00e9 des denr\u00e9es alimentaires STANDARD BRC &#8211; Qualit\u00e9 et s\u00e9curit\u00e9 des denr\u00e9es alimentaires STANDARD IFS &#8211; Certification des bonnes pratiques alimentaires<\/p>\n<p>MARQUAGE CE Conception et mise en \u0153uvre de syst\u00e8mes de gestion de la qualit\u00e9 et de contr\u00f4le de la production en usine<\/p>\n<p>INSTITUTIONS DE SURVEILLANCE UNI 10891:2011 &#8211; Certification de service UNI CEI EN 50518:2014 &#8211; Centres de surveillance et de r\u00e9ception d&rsquo;alarmes<\/p>\n<p>Nous vous informons que, pour obtenir la certification, conform\u00e9ment aux normes UNI EN ISO 9001, UNI EN ISO 14001, SA 8000, ISO 45001, ISO 22000, ISO 37001, les normes UNI pour les MARQUES CE, les ATTESTATIONS SOA, la certification de la qualit\u00e9 de l&rsquo;air et la certification de la qualit\u00e9 de l&rsquo;eau.<\/p>\n<ol>\n<li>Nous vous proposons un diagnostic gratuit sur place de l&rsquo;organisation de votre entreprise, visant \u00e0 d\u00e9tecter les points critiques afin d&rsquo;optimiser nos interventions futures.<\/li>\n<li>Nous garantissons notre soutien technique pendant le processus de certification<\/li>\n<li>Nous fournissons une assistance \u00e0 distance (interventions par t\u00e9l\u00e9phone\/fax\/email) pendant la premi\u00e8re ann\u00e9e qui suit, reconnue comme la plus importante pour la mise en \u0153uvre de votre syst\u00e8me Qualit\u00e9 &#8211; Environnement &#8211; S\u00e9curit\u00e9 &#8211; \u00c9thique.<\/li>\n<\/ol>\n<\/div><\/div><\/div><\/div><\/div><div class=\"w-tabs-section\" id=\"vf44\"><button aria-controls=\"content-vf44\" class=\"w-tabs-section-header\"><div class=\"w-tabs-section-title\">RAPPORT D&rsquo;\u00c9VALUATION DES RISQUES DE L&rsquo;ENTREPRISE<\/div><div class=\"w-tabs-section-control\"><\/div><\/button><div  class=\"w-tabs-section-content\" id=\"content-vf44\" aria-expanded=\"false\"><div class=\"w-tabs-section-content-h i-cf\"><div class=\"wpb_text_column\"><div class=\"wpb_wrapper\"><h4 style=\"text-align: left;\">DOCUMENT D&rsquo;\u00c9VALUATION DES RISQUES<\/h4>\n<p>Art. 17, paragraphe 1, lettre A, et art. 28 de la loi consolid\u00e9e sur la sant\u00e9 et la s\u00e9curit\u00e9 au travail.<\/p>\n<p>D\u00e9cret l\u00e9gislatif. No. 81 du 09.04.2008 telle qu&rsquo;amend\u00e9e et compl\u00e9t\u00e9e introduite par Leg. N\u00b0 106 du 03.08.2009<\/p>\n<p>&#8211; \u00c9valuation des risques li\u00e9s au bruit<\/p>\n<p>&#8211; \u00c9valuation du risque vibratoire<\/p>\n<p>&#8211; \u00c9valuation du microclimat et de l&rsquo;\u00e9clairage<\/p>\n<p>Nous vous informons que :<\/p>\n<ol>\n<li>Nous garantissons notre soutien technique pendant la dur\u00e9e des services fournis<\/li>\n<li>Nous fournissons une assistance \u00e0 distance (interventions par t\u00e9l\u00e9phone\/fax\/mail)<\/li>\n<\/ol>\n<\/div><\/div><\/div><\/div><\/div><div class=\"w-tabs-section\" id=\"v120\"><button aria-controls=\"content-v120\" class=\"w-tabs-section-header\"><div class=\"w-tabs-section-title\">RESPECT DE LA VIE PRIV\u00c9E GDPR 2016\/679<\/div><div class=\"w-tabs-section-control\"><\/div><\/button><div  class=\"w-tabs-section-content\" id=\"content-v120\" aria-expanded=\"false\"><div class=\"w-tabs-section-content-h i-cf\"><div class=\"wpb_text_column\"><div class=\"wpb_wrapper\"><h4><strong>RESPECT DE LA VIE PRIV\u00c9E GDPR 2016\/679<\/strong><\/h4>\n<p>&#8211; Gestion des risques li\u00e9s aux donn\u00e9es personnelles<\/p>\n<p>&#8211; \u00c9laboration d&rsquo;un plan de mise en \u0153uvre pour la protection des donn\u00e9es personnelles<\/p>\n<p>&#8211; Analyse d&rsquo;impact sur la protection des donn\u00e9es (\u00ab\u00a0DPIA\u00a0\u00bb)<\/p>\n<p>&#8211; Nomination d&rsquo;un d\u00e9l\u00e9gu\u00e9 \u00e0 la protection des donn\u00e9es (DPD) Activit\u00e9s de formation sur le GDPR 2016\/679<\/p>\n<p>Nous vous informons que :<\/p>\n<ol>\n<li>Nous garantissons notre soutien technique pendant la dur\u00e9e des services fournis<\/li>\n<li>Nous fournissons une assistance \u00e0 distance (interventions par t\u00e9l\u00e9phone\/fax\/mail)<\/li>\n<\/ol>\n<\/div><\/div><\/div><\/div><\/div><div class=\"w-tabs-section\" id=\"s2c1\"><button aria-controls=\"content-s2c1\" class=\"w-tabs-section-header\"><div class=\"w-tabs-section-title\">SERVICES DE CONSEIL<\/div><div class=\"w-tabs-section-control\"><\/div><\/button><div  class=\"w-tabs-section-content\" id=\"content-s2c1\" aria-expanded=\"false\"><div class=\"w-tabs-section-content-h i-cf\"><div class=\"wpb_text_column\"><div class=\"wpb_wrapper\"><p>HACCP &#8211; Les dispositions sp\u00e9cifiques contenues dans la Leg. 193\/2007 (ex 155\/97) i.e. Dispositions relatives \u00e0 l&rsquo;hygi\u00e8ne des denr\u00e9es alimentaires<\/p>\n<p>LIVRE BLEU POUR LA RESTAURATION &#8211; S\u00e9curit\u00e9 alimentaire et r\u00e8gles d&rsquo;hygi\u00e8ne<\/p>\n<\/div><\/div><\/div><\/div><\/div><div class=\"w-tabs-section\" id=\"v438\"><button aria-controls=\"content-v438\" class=\"w-tabs-section-header\"><div class=\"w-tabs-section-title\">LES SERVICES DE FORMATION ET D&rsquo;INFORMATION<\/div><div class=\"w-tabs-section-control\"><\/div><\/button><div  class=\"w-tabs-section-content\" id=\"content-v438\" aria-expanded=\"false\"><div class=\"w-tabs-section-content-h i-cf\"><div class=\"wpb_text_column\"><div class=\"wpb_wrapper\"><p>Formation et information des cadres \/ Qualit\u00e9 &#8211; Environnement &#8211; S\u00e9curit\u00e9<\/p>\n<\/div><\/div><\/div><\/div><\/div><div class=\"w-tabs-section\" id=\"h5ed\"><button aria-controls=\"content-h5ed\" class=\"w-tabs-section-header\"><div class=\"w-tabs-section-title\">ENQU\u00caTES ENVIRONNEMENTALES<\/div><div class=\"w-tabs-section-control\"><\/div><\/button><div  class=\"w-tabs-section-content\" id=\"content-h5ed\" aria-expanded=\"false\"><div class=\"w-tabs-section-content-h i-cf\"><div class=\"wpb_text_column\"><div class=\"wpb_wrapper\"><p><strong>ENQU\u00caTES ENVIRONNEMENTALES<\/strong><\/p>\n<p>BRUIT &#8211; La mesure des niveaux de bruit<\/p>\n<p>MICROCLIMA &#8211; Mesure de l&rsquo;humidit\u00e9 ou de la chaleur dans les locaux<\/p>\n<p>POUSSI\u00c8RES &#8211; La mesure des niveaux de poussi\u00e8res en suspension dans l&rsquo;air dans les environnements avec<\/p>\n<p>fractions respirables<\/p>\n<p>LUXOM\u00c9TRIE &#8211; La mesure des niveaux de lumi\u00e8re dans les pi\u00e8ces<\/p>\n<p>FUMES &#8211; La mesure des niveaux de polluants atmosph\u00e9riques dans les chemin\u00e9es industrielles<\/p>\n<p>ANALYSE DE L&rsquo;EAU &#8211; Mesure des niveaux de polluants dans les eaux industrielles<\/p>\n<p>DIRECTIVES LIFT &#8211; Tests et autorisations<\/p>\n<p>DIRECTIVE MACHINES<\/p>\n<p>CONTR\u00d4LES D&rsquo;INSTALLATION conform\u00e9ment au d\u00e9cret pr\u00e9sidentiel 462\/01<\/p>\n<\/div><\/div><\/div><\/div><\/div><div class=\"w-tabs-section\" id=\"a838\"><button aria-controls=\"content-a838\" class=\"w-tabs-section-header\"><div class=\"w-tabs-section-title\">LA FORMATION PROFESSIONNELLE<\/div><div class=\"w-tabs-section-control\"><\/div><\/button><div  class=\"w-tabs-section-content\" id=\"content-a838\" aria-expanded=\"false\"><div class=\"w-tabs-section-content-h i-cf\"><div class=\"wpb_text_column\"><div class=\"wpb_wrapper\"><ul>\n<li>Alimentarista (ex carnet de sant\u00e9) Cat\u00e9gorie A &#8211; B &#8211; C<\/li>\n<li>Stage de d\u00e9broussaillage \u00e9quip\u00e9 d&rsquo;un fil de coupe<\/li>\n<li>Cours de formation pour les travailleurs utilisant des chariots de manutention<\/li>\n<li>Formation tron\u00e7onneuse \u00e0 essence pour l&rsquo;abattage d&rsquo;arbres<\/li>\n<li>Cours de formation \u00e0 la conduite dans les zones de circulation<\/li>\n<li>Cours de formation au permis de conduire des chariots \u00e9l\u00e9vateurs &#8211; Chariots \u00e9l\u00e9vateurs<\/li>\n<li>Travailleurs et superviseurs charg\u00e9s du montage\/d\u00e9montage\/transformation d&rsquo;\u00e9chafaudages Cours de 28 heures<\/li>\n<li>Cours de formation pour les travailleurs en hauteur<\/li>\n<li>Op\u00e9rateur de signalisation routi\u00e8re<\/li>\n<li>Responsable de la signalisation routi\u00e8re<\/li>\n<li>Cours de recyclage pour les op\u00e9rateurs et les superviseurs de la signalisation routi\u00e8re<\/li>\n<li>Coordinateur pour la conception et l&rsquo;ex\u00e9cution des travaux<\/li>\n<li>Recyclage des op\u00e9rateurs de montage\/d\u00e9montage\/transformation d&rsquo;\u00e9chafaudages<\/li>\n<li>Cours de recyclage pour conducteurs de chariots \u00e9l\u00e9vateurs (MULETTO)<\/li>\n<li>Cours de recyclage pour les conducteurs de chariots de manutention automoteurs, de camions \u00e0 fl\u00e8che t\u00e9lescopique automoteurs et de chariots t\u00e9lescopiques\/\u00e9l\u00e9vateurs rotatifs automoteurs<\/li>\n<li>Cours de formation pour conducteurs de camions-bennes \u00e0 chenilles (et mise \u00e0 jour)<\/li>\n<li>Cours de formation pour conducteurs de chargeurs frontaux (et mise \u00e0 jour)<\/li>\n<li>Cours de formation pour op\u00e9rateurs de pelles \u00e0 c\u00e2bles (et mise \u00e0 jour)<\/li>\n<li>Cours de formation pour conducteurs de pelles hydrauliques (et mise \u00e0 jour)<\/li>\n<li>Cours de recyclage pour les conducteurs de pelleteuses<\/li>\n<li>Cours de formation pour op\u00e9rateurs de grues \u00e0 tour pour l&rsquo;orientation inf\u00e9rieure et l&rsquo;orientation sup\u00e9rieure (et mise \u00e0 jour)<\/li>\n<li>Cours de formation de conducteur de camion-grue (et mise \u00e0 jour)<\/li>\n<li>Cours de formation pour op\u00e9rateurs de pelles hydrauliques, de chargeurs frontaux et de chargeuses-pelleteuses<\/li>\n<li>Cours de formation des travailleurs \u00e0 l&rsquo;utilisation de plates-formes \u00e9l\u00e9vatrices mobiles de personnes (ple) pouvant fonctionner avec et sans stabilisateurs (et mise \u00e0 jour)<\/li>\n<li>Cours de formation pour op\u00e9rateurs de pompes \u00e0 b\u00e9ton (et mise \u00e0 jour)<\/li>\n<li>Formation de conducteur de chargeuse-pelleteuse (et mise \u00e0 jour)<\/li>\n<li>Cours de formation pour les conducteurs de tracteurs agricoles ou forestiers \u00e0 roues (et mise \u00e0 jour)<\/li>\n<li>Formation de conducteur de tracteur agricole ou forestier (et mise \u00e0 jour)<\/li>\n<li>Cours de formation pour op\u00e9rateurs de grues mobiles sur camion et de grues automotrices sur roues avec bras t\u00e9lescopique ou t\u00e9lescopique et fl\u00e8che fixe<\/li>\n<li>Cours de recyclage pour les op\u00e9rateurs de grues mobiles sur camion et de grues automotrices sur roues<\/li>\n<\/ul>\n<p>Cours de formation Conducteur de grues mobiles sur camion et de grues automotrices sur roues avec fl\u00e8che t\u00e9lescopique ou t\u00e9lescopique &#8211; module additionnel cours de base<\/p>\n<\/div><\/div><\/div><\/div><\/div><\/div><\/div><\/div><\/div><div class=\"wpb_column vc_column_container\"><div class=\"vc_column-inner\"><\/div><\/div><\/div><\/div><\/section><section class=\"l-section wpb_row height_custom\"><div class=\"l-section-overlay\" style=\"background:linear-gradient(90deg,#034e4a,#0c7a75)\"><\/div><div class=\"l-section-h i-cf\"><div class=\"g-cols vc_row via_grid cols_3 laptops-cols_inherit tablets-cols_inherit mobiles-cols_1 valign_top type_default stacking_default\"><div class=\"wpb_column vc_column_container\"><div class=\"vc_column-inner\">[vc_custom_heading text=\u00a0\u00bbCONTACTEZ-NOUS MAINTENANT\u00a0\u00bb font_container=\u00a0\u00bbtag:p|text_align:center\u00a0\u00bb google_fonts=\u00a0\u00bbfont_family:Anton%3Aregular|font_style:400%20regular%3A400%3Anormal\u00a0\u00bb css=\u00a0\u00bb%7B%22default%22%3A%7B%22color%22%3A%22%23ffffff%22%2C%22font-size%22%3A%2260px%22%2C%22line-height%22%3A%2260px%22%2C%22text-shadow-h-offset%22%3A%223px%22%2C%22text-shadow-v-offset%22%3A%223px%22%2C%22text-shadow-blur%22%3A%2210px%22%2C%22text-shadow-color%22%3A%22%232b2b2b%22%7D%7D\u00a0\u00bb]<div class=\"w-separator size_small\"><\/div><\/div><\/div><div class=\"wpb_column vc_column_container\"><div class=\"vc_column-inner\"><div class=\"w-btn-wrapper width_full\"><a class=\"w-btn us-btn-style_1 icon_atleft\" href=\"tel:+390495918781\"><i class=\"fad fa-fad fa-mobile\"><\/i><span class=\"w-btn-label\">+39 049 591 8781<\/span><\/a><\/div><\/div><\/div><div class=\"wpb_column vc_column_container\"><div class=\"vc_column-inner\"><div class=\"w-btn-wrapper width_full\"><a class=\"w-btn us-btn-style_1 icon_atleft\" href=\"mailto:booking@lzmanagement.it\"><i class=\"fad fa-fad fa-envelope\"><\/i><span class=\"w-btn-label\">booking@lzmanagement.it<\/span><\/a><\/div><\/div><\/div><\/div><\/div><\/section><section class=\"l-section wpb_row background-servizi height_large\"><div class=\"l-section-h i-cf\"><div class=\"g-cols vc_row via_grid cols_1 laptops-cols_inherit tablets-cols_inherit mobiles-cols_1 valign_top type_default stacking_default\"><div class=\"wpb_column vc_column_container\"><div class=\"vc_column-inner\"><section class=\"l-section wpb_row height_auto\"><div class=\"l-section-h i-cf\"><div class=\"g-cols vc_row via_grid cols_1 laptops-cols_inherit tablets-cols_inherit mobiles-cols_1 valign_top type_default stacking_default\"><div class=\"wpb_column vc_column_container\"><div class=\"vc_column-inner\">[vc_custom_heading text=\u00a0\u00bbNOS SERVICES\u00a0\u00bb font_container=\u00a0\u00bbtag:p|text_align:center|color:%23ffffff\u00a0\u00bb google_fonts=\u00a0\u00bbfont_family:Anton%3Aregular|font_style:400%20regular%3A400%3Anormal\u00a0\u00bb css=\u00a0\u00bb%7B%22default%22%3A%7B%22color%22%3A%22%23ffffff%22%2C%22font-size%22%3A%225rem%22%2C%22line-height%22%3A%225rem%22%2C%22font-style%22%3A%22normal%22%2C%22text-shadow-h-offset%22%3A%226px%22%2C%22text-shadow-v-offset%22%3A%227px%22%2C%22text-shadow-blur%22%3A%228px%22%2C%22text-shadow-color%22%3A%22_header_middle_bg%22%7D%2C%22laptops%22%3A%7B%22color%22%3A%22%23ffffff%22%7D%2C%22tablets%22%3A%7B%22color%22%3A%22%23ffffff%22%2C%22font-size%22%3A%224rem%22%2C%22line-height%22%3A%224rem%22%7D%2C%22mobiles%22%3A%7B%22color%22%3A%22%23ffffff%22%2C%22font-size%22%3A%223rem%22%2C%22line-height%22%3A%223rem%22%7D%7D\u00a0\u00bb el_class=\u00a0\u00bbtitolo-lz\u00a0\u00bb]<div class=\"w-separator size_medium\"><\/div><div class=\"g-cols wpb_row us_custom_7a049287 via_grid cols_3 laptops-cols_inherit tablets-cols_inherit mobiles-cols_1 valign_middle type_boxes\" style=\"grid-gap:3.5%;\"><div class=\"wpb_column vc_column_container us_custom_cbe180b3 has-link\"><div class=\"vc_column-inner\"><div class=\"w-iconbox us_custom_67b6827d iconpos_top style_default color_primary align_center no_text\"><a href=\"#\" class=\"w-iconbox-link\" aria-label=\"S\u00e9curit\u00e9 priv\u00e9e\"><div class=\"w-iconbox-icon\" style=\"font-size:3rem;\"><i class=\"fad fa-fad fa-user-headset\"><\/i><\/div><\/a><div class=\"w-iconbox-meta\"><a href=\"#\" class=\"w-iconbox-link\" aria-label=\"S\u00e9curit\u00e9 priv\u00e9e\"><h3 class=\"w-iconbox-title\">S\u00e9curit\u00e9 priv\u00e9e<\/h3><\/a><\/div><\/div><\/div><a title=\"Sicurezza Privata\" href=\"https:\/\/www.lzmanagement.it\/sicurezza-privata\/\" class=\"vc_column-link smooth-scroll\"><\/a><\/div><div class=\"wpb_column vc_column_container us_custom_cbe180b3\"><div class=\"vc_column-inner\"><div class=\"w-iconbox us_custom_67b6827d iconpos_top style_default color_primary align_center no_text\"><a title=\"N.C.C. Location de voiture avec chauffeur\" href=\"https:\/\/www.lzmanagement.it\/fr\/n-c-c-location-de-voiture-avec-chauffeur\/\" class=\"w-iconbox-link\" aria-label=\"Location de voiture avec chauffeur \u00e0 la CCN\"><div class=\"w-iconbox-icon\" style=\"font-size:3rem;\"><i class=\"fad fa-fad fa-car\"><\/i><\/div><\/a><div class=\"w-iconbox-meta\"><a title=\"N.C.C. Location de voiture avec chauffeur\" href=\"https:\/\/www.lzmanagement.it\/fr\/n-c-c-location-de-voiture-avec-chauffeur\/\" class=\"w-iconbox-link\" aria-label=\"Location de voiture avec chauffeur \u00e0 la CCN\"><h3 class=\"w-iconbox-title\">Location de voiture avec chauffeur \u00e0 la CCN<\/h3><\/a><\/div><\/div><\/div><\/div><div class=\"wpb_column vc_column_container us_custom_cbe180b3\"><div class=\"vc_column-inner\"><div class=\"w-iconbox us_custom_67b6827d iconpos_top style_default color_primary align_center no_text\"><a title=\"Acheteur personnel\" href=\"https:\/\/www.lzmanagement.it\/fr\/acheteur-personnel\/\" class=\"w-iconbox-link\" aria-label=\"Acheteur personnel\"><div class=\"w-iconbox-icon\" style=\"font-size:3rem;\"><i class=\"fad fa-fad fa-bags-shopping\"><\/i><\/div><\/a><div class=\"w-iconbox-meta\"><a title=\"Acheteur personnel\" href=\"https:\/\/www.lzmanagement.it\/fr\/acheteur-personnel\/\" class=\"w-iconbox-link\" aria-label=\"Acheteur personnel\"><h3 class=\"w-iconbox-title\">Acheteur personnel<\/h3><\/a><\/div><\/div><\/div><\/div><\/div><div class=\"w-separator size_small\"><\/div><div class=\"g-cols wpb_row us_custom_7a049287 via_grid cols_3 laptops-cols_inherit tablets-cols_inherit mobiles-cols_1 valign_middle type_boxes stacking_default\"><div class=\"wpb_column vc_column_container us_custom_510b2e19\"><div class=\"vc_column-inner\"><div class=\"w-iconbox us_custom_67b6827d iconpos_top style_default color_primary align_center no_text\"><a title=\"Entra\u00eeneur personnel\" href=\"https:\/\/www.lzmanagement.it\/fr\/entraineur-personnel\/\" class=\"w-iconbox-link\" aria-label=\"Entra\u00eeneur personnel\"><div class=\"w-iconbox-icon\" style=\"font-size:3rem;\"><i class=\"fad fa-fad fa-basketball-ball\"><\/i><\/div><\/a><div class=\"w-iconbox-meta\"><a title=\"Entra\u00eeneur personnel\" href=\"https:\/\/www.lzmanagement.it\/fr\/entraineur-personnel\/\" class=\"w-iconbox-link\" aria-label=\"Entra\u00eeneur personnel\"><h3 class=\"w-iconbox-title\">Entra\u00eeneur personnel<\/h3><\/a><\/div><\/div><\/div><\/div><div class=\"wpb_column vc_column_container us_custom_510b2e19\"><div class=\"vc_column-inner\"><div class=\"w-iconbox us_custom_67b6827d iconpos_top style_default color_primary align_center no_text\"><a title=\"H\u00f4tesses et promoteurs\" href=\"https:\/\/www.lzmanagement.it\/fr\/hotesses-et-promoteurs\/\" class=\"w-iconbox-link\" aria-label=\"H\u00f4tesses et promoteurs\"><div class=\"w-iconbox-icon\" style=\"font-size:3rem;\"><i class=\"fad fa-fad fa-umbrella\"><\/i><\/div><\/a><div class=\"w-iconbox-meta\"><a title=\"H\u00f4tesses et promoteurs\" href=\"https:\/\/www.lzmanagement.it\/fr\/hotesses-et-promoteurs\/\" class=\"w-iconbox-link\" aria-label=\"H\u00f4tesses et promoteurs\"><h3 class=\"w-iconbox-title\">H\u00f4tesses et promoteurs<\/h3><\/a><\/div><\/div><\/div><\/div><div class=\"wpb_column vc_column_container us_custom_510b2e19\"><div class=\"vc_column-inner\"><div class=\"w-iconbox us_custom_67b6827d iconpos_top style_default color_primary align_center no_text\"><a title=\"Enqu\u00eates priv\u00e9es et d&#039;entreprises\" href=\"https:\/\/www.lzmanagement.it\/fr\/enquetes-privees-et-dentreprises\/\" class=\"w-iconbox-link\" aria-label=\"Enqu\u00eates\"><div class=\"w-iconbox-icon\" style=\"font-size:3rem;\"><i class=\"fad fa-fad fa-glasses\"><\/i><\/div><\/a><div class=\"w-iconbox-meta\"><a title=\"Enqu\u00eates priv\u00e9es et d&#039;entreprises\" href=\"https:\/\/www.lzmanagement.it\/fr\/enquetes-privees-et-dentreprises\/\" class=\"w-iconbox-link\" aria-label=\"Enqu\u00eates\"><h3 class=\"w-iconbox-title\">Enqu\u00eates<\/h3><\/a><\/div><\/div><\/div><\/div><\/div><div class=\"w-separator size_small\"><\/div><div class=\"g-cols wpb_row us_custom_7a049287 via_grid cols_3 laptops-cols_inherit tablets-cols_inherit mobiles-cols_1 valign_middle type_default stacking_default\"><div class=\"wpb_column vc_column_container us_custom_510b2e19\"><div class=\"vc_column-inner\"><div class=\"w-iconbox us_custom_67b6827d iconpos_top style_default color_primary align_center no_text\"><a title=\"Syst\u00e8mes de s\u00e9curit\u00e9 et de vid\u00e9osurveillance\" href=\"https:\/\/www.lzmanagement.it\/fr\/systemes-de-securite-et-de-videosurveillance\/\" class=\"w-iconbox-link\" aria-label=\"Syst\u00e8mes de s\u00e9curit\u00e9 et de vid\u00e9osurveillance\"><div class=\"w-iconbox-icon\" style=\"font-size:3rem;\"><i class=\"fad fa-fad fa-camera-home\"><\/i><\/div><\/a><div class=\"w-iconbox-meta\"><a title=\"Syst\u00e8mes de s\u00e9curit\u00e9 et de vid\u00e9osurveillance\" href=\"https:\/\/www.lzmanagement.it\/fr\/systemes-de-securite-et-de-videosurveillance\/\" class=\"w-iconbox-link\" aria-label=\"Syst\u00e8mes de s\u00e9curit\u00e9 et de vid\u00e9osurveillance\"><h3 class=\"w-iconbox-title\">Syst\u00e8mes de s\u00e9curit\u00e9 et de vid\u00e9osurveillance<\/h3><\/a><\/div><\/div><\/div><\/div><div class=\"wpb_column vc_column_container us_custom_510b2e19\"><div class=\"vc_column-inner\"><div class=\"w-iconbox us_custom_67b6827d iconpos_top style_default color_primary align_center no_text\"><a title=\"blog\" href=\"https:\/\/www.lzmanagement.it\/fr\/blog\/\" class=\"w-iconbox-link\" aria-label=\"BLOG\"><div class=\"w-iconbox-icon\" style=\"font-size:3rem;\"><i class=\"fad fa-fad fa-book-open\"><\/i><\/div><\/a><div class=\"w-iconbox-meta\"><a title=\"blog\" href=\"https:\/\/www.lzmanagement.it\/fr\/blog\/\" class=\"w-iconbox-link\" aria-label=\"BLOG\"><h3 class=\"w-iconbox-title\">BLOG<\/h3><\/a><\/div><\/div><\/div><\/div><div class=\"wpb_column vc_column_container us_custom_510b2e19\"><div class=\"vc_column-inner\"><div class=\"w-iconbox us_custom_67b6827d iconpos_top style_default color_primary align_center no_text\"><a title=\"Cours de formation \u00e0 la s\u00e9curit\u00e9\" href=\"https:\/\/www.lzmanagement.it\/fr\/cours-de-formation-a-la-securite\/\" class=\"w-iconbox-link\" aria-label=\"Cours de formation et de s\u00e9curit\u00e9\"><div class=\"w-iconbox-icon\" style=\"font-size:3rem;\"><i class=\"fad fa-fad fa-microphone-alt\"><\/i><\/div><\/a><div class=\"w-iconbox-meta\"><a title=\"Cours de formation \u00e0 la s\u00e9curit\u00e9\" href=\"https:\/\/www.lzmanagement.it\/fr\/cours-de-formation-a-la-securite\/\" class=\"w-iconbox-link\" aria-label=\"Cours de formation et de s\u00e9curit\u00e9\"><h3 class=\"w-iconbox-title\">Cours de formation et de s\u00e9curit\u00e9<\/h3><\/a><\/div><\/div><\/div><\/div><\/div><\/div><\/div><\/div><\/div><\/section>\n<\/div><\/div><\/div><\/div><\/section>\n","protected":false},"excerpt":{"rendered":"[vc_custom_heading text=\"COURS DE FORMATION SUR L'ENTREPRISE ET LA S\u00c9CURIT\u00c9\" font_container=\"tag:h1|text_align:center|color:%23ffffff\" google_fonts=\"font_family:Anton%3Aregular|font_style:400%20regular%3A400%3Anormal\" css=\"%7B%22default%22%3A%7B%22color%22%3A%22%231a1a1a%22%2C%22font-size%22%3A%225rem%22%2C%22line-height%22%3A%225rem%22%2C%22font-style%22%3A%22italic%22%2C%22text-shadow-h-offset%22%3A%226px%22%2C%22text-shadow-v-offset%22%3A%227px%22%2C%22text-shadow-blur%22%3A%228px%22%2C%22text-shadow-color%22%3A%22%23ffffff%22%7D%2C%22tablets%22%3A%7B%22font-size%22%3A%225rem%22%2C%22line-height%22%3A%225rem%22%7D%2C%22mobiles%22%3A%7B%22font-size%22%3A%223rem%22%2C%22line-height%22%3A%223rem%22%7D%7D\" el_class=\"titolo-lz\"] LA PREMI\u00c8RE ET UNIQUE ACAD\u00c9MIE DE S\u00dbRET\u00c9 ET DE S\u00c9CURIT\u00c9 EN ITALIE Cours de formation sur la s\u00e9curit\u00e9 au travail LZ Management a \u00e9t\u00e9 fond\u00e9e dans le but de proposer unlarge \u00e9ventail de formations dans le domaine de la s\u00e9curit\u00e9 priv\u00e9e, avec...","protected":false},"author":1,"featured_media":0,"parent":0,"menu_order":0,"comment_status":"closed","ping_status":"closed","template":"","meta":{"footnotes":""},"class_list":["post-1634","page","type-page","status-publish","hentry"],"yoast_head":"<!-- This site is optimized with the Yoast SEO plugin v27.5 - https:\/\/yoast.com\/product\/yoast-seo-wordpress\/ -->\n<title>Acad\u00e9mie de formation \u00e0 la s\u00e9curit\u00e9 des entreprises - LZ Management<\/title>\n<meta name=\"description\" content=\"Cours certifi\u00e9s pour les professionnels de la s\u00e9curit\u00e9 et les d\u00e9l\u00e9gu\u00e9s, les gardes du corps, les stewards pour les \u00e9v\u00e9nements. Contactez nous maintenant !\" \/>\n<meta name=\"robots\" content=\"index, follow, max-snippet:-1, max-image-preview:large, max-video-preview:-1\" \/>\n<link rel=\"canonical\" href=\"https:\/\/www.lzmanagement.it\/fr\/cours-de-formation-a-la-securite\/\" \/>\n<meta property=\"og:locale\" content=\"fr_FR\" \/>\n<meta property=\"og:type\" content=\"article\" \/>\n<meta property=\"og:title\" content=\"Acad\u00e9mie de formation \u00e0 la s\u00e9curit\u00e9 des entreprises - LZ Management\" \/>\n<meta property=\"og:description\" content=\"Cours certifi\u00e9s pour les professionnels de la s\u00e9curit\u00e9 et les d\u00e9l\u00e9gu\u00e9s, les gardes du corps, les stewards pour les \u00e9v\u00e9nements. Contactez nous maintenant !\" \/>\n<meta property=\"og:url\" content=\"https:\/\/www.lzmanagement.it\/fr\/cours-de-formation-a-la-securite\/\" \/>\n<meta property=\"article:modified_time\" content=\"2023-03-30T17:13:47+00:00\" \/>\n<meta name=\"twitter:card\" content=\"summary_large_image\" \/>\n<meta name=\"twitter:label1\" content=\"Dur\u00e9e de lecture estim\u00e9e\" \/>\n\t<meta name=\"twitter:data1\" content=\"13 minutes\" \/>\n<script type=\"application\/ld+json\" class=\"yoast-schema-graph\">{\"@context\":\"https:\\\/\\\/schema.org\",\"@graph\":[{\"@type\":\"WebPage\",\"@id\":\"https:\\\/\\\/www.lzmanagement.it\\\/fr\\\/cours-de-formation-a-la-securite\\\/\",\"url\":\"https:\\\/\\\/www.lzmanagement.it\\\/fr\\\/cours-de-formation-a-la-securite\\\/\",\"name\":\"Acad\u00e9mie de formation \u00e0 la s\u00e9curit\u00e9 des entreprises - LZ Management\",\"isPartOf\":{\"@id\":\"https:\\\/\\\/www.lzmanagement.it\\\/fr\\\/#website\"},\"datePublished\":\"2022-06-24T17:51:31+00:00\",\"dateModified\":\"2023-03-30T17:13:47+00:00\",\"description\":\"Cours certifi\u00e9s pour les professionnels de la s\u00e9curit\u00e9 et les d\u00e9l\u00e9gu\u00e9s, les gardes du corps, les stewards pour les \u00e9v\u00e9nements. Contactez nous maintenant !\",\"breadcrumb\":{\"@id\":\"https:\\\/\\\/www.lzmanagement.it\\\/fr\\\/cours-de-formation-a-la-securite\\\/#breadcrumb\"},\"inLanguage\":\"fr-FR\",\"potentialAction\":[{\"@type\":\"ReadAction\",\"target\":[\"https:\\\/\\\/www.lzmanagement.it\\\/fr\\\/cours-de-formation-a-la-securite\\\/\"]}]},{\"@type\":\"BreadcrumbList\",\"@id\":\"https:\\\/\\\/www.lzmanagement.it\\\/fr\\\/cours-de-formation-a-la-securite\\\/#breadcrumb\",\"itemListElement\":[{\"@type\":\"ListItem\",\"position\":1,\"name\":\"Home\",\"item\":\"https:\\\/\\\/www.lzmanagement.it\\\/fr\\\/lz-management-accueil\\\/\"},{\"@type\":\"ListItem\",\"position\":2,\"name\":\"Cours de formation \u00e0 la s\u00e9curit\u00e9\"}]},{\"@type\":\"WebSite\",\"@id\":\"https:\\\/\\\/www.lzmanagement.it\\\/fr\\\/#website\",\"url\":\"https:\\\/\\\/www.lzmanagement.it\\\/fr\\\/\",\"name\":\"\",\"description\":\"\",\"publisher\":{\"@id\":\"https:\\\/\\\/www.lzmanagement.it\\\/fr\\\/#organization\"},\"potentialAction\":[{\"@type\":\"SearchAction\",\"target\":{\"@type\":\"EntryPoint\",\"urlTemplate\":\"https:\\\/\\\/www.lzmanagement.it\\\/fr\\\/?s={search_term_string}\"},\"query-input\":{\"@type\":\"PropertyValueSpecification\",\"valueRequired\":true,\"valueName\":\"search_term_string\"}}],\"inLanguage\":\"fr-FR\"},{\"@type\":\"Organization\",\"@id\":\"https:\\\/\\\/www.lzmanagement.it\\\/fr\\\/#organization\",\"name\":\"Lz Management - BODYGUARD \u2013 NOLEGGIO CON CONDUCENTE \u2013 SICUREZZA PRIVATA\",\"url\":\"https:\\\/\\\/www.lzmanagement.it\\\/fr\\\/\",\"logo\":{\"@type\":\"ImageObject\",\"inLanguage\":\"fr-FR\",\"@id\":\"https:\\\/\\\/www.lzmanagement.it\\\/fr\\\/#\\\/schema\\\/logo\\\/image\\\/\",\"url\":\"https:\\\/\\\/www.lzmanagement.it\\\/wp-content\\\/uploads\\\/2022\\\/06\\\/Sicurezza-privata-LZ-management.png\",\"contentUrl\":\"https:\\\/\\\/www.lzmanagement.it\\\/wp-content\\\/uploads\\\/2022\\\/06\\\/Sicurezza-privata-LZ-management.png\",\"width\":592,\"height\":149,\"caption\":\"Lz Management - BODYGUARD \u2013 NOLEGGIO CON CONDUCENTE \u2013 SICUREZZA PRIVATA\"},\"image\":{\"@id\":\"https:\\\/\\\/www.lzmanagement.it\\\/fr\\\/#\\\/schema\\\/logo\\\/image\\\/\"},\"sameAs\":[\"https:\\\/\\\/www.linkedin.com\\\/company\\\/lzmanagement\\\/\"]}]}<\/script>\n<!-- \/ Yoast SEO plugin. -->","yoast_head_json":{"title":"Acad\u00e9mie de formation \u00e0 la s\u00e9curit\u00e9 des entreprises - LZ Management","description":"Cours certifi\u00e9s pour les professionnels de la s\u00e9curit\u00e9 et les d\u00e9l\u00e9gu\u00e9s, les gardes du corps, les stewards pour les \u00e9v\u00e9nements. Contactez nous maintenant !","robots":{"index":"index","follow":"follow","max-snippet":"max-snippet:-1","max-image-preview":"max-image-preview:large","max-video-preview":"max-video-preview:-1"},"canonical":"https:\/\/www.lzmanagement.it\/fr\/cours-de-formation-a-la-securite\/","og_locale":"fr_FR","og_type":"article","og_title":"Acad\u00e9mie de formation \u00e0 la s\u00e9curit\u00e9 des entreprises - LZ Management","og_description":"Cours certifi\u00e9s pour les professionnels de la s\u00e9curit\u00e9 et les d\u00e9l\u00e9gu\u00e9s, les gardes du corps, les stewards pour les \u00e9v\u00e9nements. Contactez nous maintenant !","og_url":"https:\/\/www.lzmanagement.it\/fr\/cours-de-formation-a-la-securite\/","article_modified_time":"2023-03-30T17:13:47+00:00","twitter_card":"summary_large_image","twitter_misc":{"Dur\u00e9e de lecture estim\u00e9e":"13 minutes"},"schema":{"@context":"https:\/\/schema.org","@graph":[{"@type":"WebPage","@id":"https:\/\/www.lzmanagement.it\/fr\/cours-de-formation-a-la-securite\/","url":"https:\/\/www.lzmanagement.it\/fr\/cours-de-formation-a-la-securite\/","name":"Acad\u00e9mie de formation \u00e0 la s\u00e9curit\u00e9 des entreprises - LZ Management","isPartOf":{"@id":"https:\/\/www.lzmanagement.it\/fr\/#website"},"datePublished":"2022-06-24T17:51:31+00:00","dateModified":"2023-03-30T17:13:47+00:00","description":"Cours certifi\u00e9s pour les professionnels de la s\u00e9curit\u00e9 et les d\u00e9l\u00e9gu\u00e9s, les gardes du corps, les stewards pour les \u00e9v\u00e9nements. Contactez nous maintenant !","breadcrumb":{"@id":"https:\/\/www.lzmanagement.it\/fr\/cours-de-formation-a-la-securite\/#breadcrumb"},"inLanguage":"fr-FR","potentialAction":[{"@type":"ReadAction","target":["https:\/\/www.lzmanagement.it\/fr\/cours-de-formation-a-la-securite\/"]}]},{"@type":"BreadcrumbList","@id":"https:\/\/www.lzmanagement.it\/fr\/cours-de-formation-a-la-securite\/#breadcrumb","itemListElement":[{"@type":"ListItem","position":1,"name":"Home","item":"https:\/\/www.lzmanagement.it\/fr\/lz-management-accueil\/"},{"@type":"ListItem","position":2,"name":"Cours de formation \u00e0 la s\u00e9curit\u00e9"}]},{"@type":"WebSite","@id":"https:\/\/www.lzmanagement.it\/fr\/#website","url":"https:\/\/www.lzmanagement.it\/fr\/","name":"","description":"","publisher":{"@id":"https:\/\/www.lzmanagement.it\/fr\/#organization"},"potentialAction":[{"@type":"SearchAction","target":{"@type":"EntryPoint","urlTemplate":"https:\/\/www.lzmanagement.it\/fr\/?s={search_term_string}"},"query-input":{"@type":"PropertyValueSpecification","valueRequired":true,"valueName":"search_term_string"}}],"inLanguage":"fr-FR"},{"@type":"Organization","@id":"https:\/\/www.lzmanagement.it\/fr\/#organization","name":"Lz Management - BODYGUARD \u2013 NOLEGGIO CON CONDUCENTE \u2013 SICUREZZA PRIVATA","url":"https:\/\/www.lzmanagement.it\/fr\/","logo":{"@type":"ImageObject","inLanguage":"fr-FR","@id":"https:\/\/www.lzmanagement.it\/fr\/#\/schema\/logo\/image\/","url":"https:\/\/www.lzmanagement.it\/wp-content\/uploads\/2022\/06\/Sicurezza-privata-LZ-management.png","contentUrl":"https:\/\/www.lzmanagement.it\/wp-content\/uploads\/2022\/06\/Sicurezza-privata-LZ-management.png","width":592,"height":149,"caption":"Lz Management - BODYGUARD \u2013 NOLEGGIO CON CONDUCENTE \u2013 SICUREZZA PRIVATA"},"image":{"@id":"https:\/\/www.lzmanagement.it\/fr\/#\/schema\/logo\/image\/"},"sameAs":["https:\/\/www.linkedin.com\/company\/lzmanagement\/"]}]}},"_links":{"self":[{"href":"https:\/\/www.lzmanagement.it\/fr\/wp-json\/wp\/v2\/pages\/1634","targetHints":{"allow":["GET"]}}],"collection":[{"href":"https:\/\/www.lzmanagement.it\/fr\/wp-json\/wp\/v2\/pages"}],"about":[{"href":"https:\/\/www.lzmanagement.it\/fr\/wp-json\/wp\/v2\/types\/page"}],"author":[{"embeddable":true,"href":"https:\/\/www.lzmanagement.it\/fr\/wp-json\/wp\/v2\/users\/1"}],"replies":[{"embeddable":true,"href":"https:\/\/www.lzmanagement.it\/fr\/wp-json\/wp\/v2\/comments?post=1634"}],"version-history":[{"count":1,"href":"https:\/\/www.lzmanagement.it\/fr\/wp-json\/wp\/v2\/pages\/1634\/revisions"}],"predecessor-version":[{"id":1635,"href":"https:\/\/www.lzmanagement.it\/fr\/wp-json\/wp\/v2\/pages\/1634\/revisions\/1635"}],"wp:attachment":[{"href":"https:\/\/www.lzmanagement.it\/fr\/wp-json\/wp\/v2\/media?parent=1634"}],"curies":[{"name":"wp","href":"https:\/\/api.w.org\/{rel}","templated":true}]}}