{"id":1629,"date":"2022-08-05T18:13:02","date_gmt":"2022-08-05T16:13:02","guid":{"rendered":"https:\/\/www.lzmanagement.it\/milan-agence-de-videurs-et-de-gardes-du-corps\/"},"modified":"2023-03-30T19:13:45","modified_gmt":"2023-03-30T17:13:45","slug":"milan-agence-de-videurs-et-de-gardes-du-corps","status":"publish","type":"page","link":"https:\/\/www.lzmanagement.it\/fr\/milan-agence-de-videurs-et-de-gardes-du-corps\/","title":{"rendered":"Milan : agence de videurs et de gardes du corps"},"content":{"rendered":"<section class=\"l-section wpb_row height_medium with_img\"><div class=\"l-section-img lazyload\" style=\"background-image:inherit;background-repeat: no-repeat;\" data-img-width=\"1900\" data-img-height=\"1267\" data-bg-image=\"url(https:\/\/www.lzmanagement.it\/wp-content\/uploads\/2022\/06\/sicurezza-.jpg)\"><\/div><div class=\"l-section-h i-cf\"><div class=\"g-cols vc_row via_grid cols_1-3 laptops-cols_inherit tablets-cols_inherit mobiles-cols_1 valign_middle type_default stacking_default\"><div class=\"wpb_column vc_column_container\"><div class=\"vc_column-inner\"><\/div><\/div><div class=\"wpb_column vc_column_container\"><div class=\"vc_column-inner\"><div class=\"w-separator size_medium\"><\/div>[vc_custom_heading text=\u00a0\u00bbMilan : agence de videurs et de gardes du corps\u00a0\u00bb font_container=\u00a0\u00bbtag:h1|text_align:center|color:%23ffffff\u00a0\u00bb google_fonts=\u00a0\u00bbfont_family:Anton%3Aregular|font_style:400%20regular%3A400%3Anormal\u00a0\u00bb css=\u00a0\u00bb%7B%22default%22%3A%7B%22color%22%3A%22%23ffffff%22%2C%22font-size%22%3A%225rem%22%2C%22line-height%22%3A%225rem%22%2C%22font-style%22%3A%22italic%22%2C%22text-shadow-h-offset%22%3A%226px%22%2C%22text-shadow-v-offset%22%3A%227px%22%2C%22text-shadow-blur%22%3A%228px%22%2C%22text-shadow-color%22%3A%22_header_middle_bg%22%7D%2C%22laptops%22%3A%7B%22color%22%3A%22%23ffffff%22%7D%2C%22tablets%22%3A%7B%22color%22%3A%22%23ffffff%22%2C%22font-size%22%3A%223rem%22%2C%22line-height%22%3A%223rem%22%7D%2C%22mobiles%22%3A%7B%22color%22%3A%22%23ffffff%22%2C%22font-size%22%3A%223rem%22%2C%22line-height%22%3A%223rem%22%7D%7D\u00a0\u00bb el_class=\u00a0\u00bbtitolo-lz\u00a0\u00bb]<div class=\"wpb_text_column us_custom_fc1b44e2\"><div class=\"wpb_wrapper\"><h2 class=\"main-title\" style=\"text-align: center;\">videurs et gardes du corps \u00e0 Milan et dans toute la province de Milan<\/h2>\n<\/div><\/div><div class=\"w-separator size_medium\"><\/div><\/div><\/div><\/div><\/div><\/section><section class=\"l-section wpb_row height_large\"><div class=\"l-section-h i-cf\"><div class=\"g-cols vc_row via_grid cols_3-1 laptops-cols_inherit tablets-cols_1 mobiles-cols_1 valign_top type_default stacking_default\"><div class=\"wpb_column vc_column_container\"><div class=\"vc_column-inner\"><div class=\"w-separator size_custom\" style=\"height:50px\"><\/div><div class=\"wpb_text_column us_custom_0f088a09 has_text_color\"><div class=\"wpb_wrapper\"><h3>Notre agence de s\u00e9curit\u00e9, videurs et gardes du corps \u00e0 Milan<\/h3>\n<p>Notre agence de s\u00e9curit\u00e9 est l&rsquo;une des rares \u00e0 <strong>ne proposer que des op\u00e9rateurs inscrits au registre professionnel de la pr\u00e9fecture<\/strong> et ayant suivi le cours d&rsquo;\u00a0\u00bbagent de contr\u00f4le des spectacles\u00a0\u00bb, ainsi que des qualifications en mati\u00e8re d&rsquo;incendie et de premiers secours.<\/p>\n<\/div><\/div><\/div><\/div><div class=\"wpb_column vc_column_container\"><div class=\"vc_column-inner\"><\/div><\/div><\/div><\/div><\/section><section class=\"l-section wpb_row height_large\"><div class=\"l-section-overlay\" style=\"background:#333333\"><\/div><div class=\"l-section-h i-cf\"><div class=\"g-cols vc_row via_grid cols_1 laptops-cols_inherit tablets-cols_inherit mobiles-cols_1 valign_top type_default stacking_default\"><div class=\"wpb_column vc_column_container\"><div class=\"vc_column-inner\"><div class=\"wpb_text_column\"><div class=\"wpb_wrapper\"><h2 style=\"text-align: center;\">Les services de notre agence de s\u00e9curit\u00e9, videurs et gardes du corps \u00e0 Milan :<\/h2>\n<p style=\"text-align: center;\">Si vous cherchez des videurs et des gardes du corps pour votre \u00e9v\u00e9nement, votre salle ou pour votre protection personnelle \u00e0 Milan, &lt;strong&gt;comptez sur les vrais professionnels, avec des op\u00e9rateurs licenci\u00e9s.<\/p>\n<\/div><\/div><\/div><\/div><div class=\"wpb_column vc_column_container\"><div class=\"vc_column-inner\"><div class=\"g-cols wpb_row via_grid cols_custom laptops-cols_inherit tablets-cols_inherit mobiles-cols_1 valign_top type_default stacking_default\" style=\"--custom-columns:1fr 2fr 2fr 1fr \"><div class=\"wpb_column vc_column_container\"><div class=\"vc_column-inner\"><\/div><\/div><div class=\"wpb_column vc_column_container\"><div class=\"vc_column-inner\"><div class=\"wpb_text_column\"><div class=\"wpb_wrapper\"><ul>\n<li>videurs et gardes du corps de Milan sp\u00e9cialis\u00e9s dans le contr\u00f4le des activit\u00e9s de divertissement et de spectacle r\u00e9guli\u00e8rement inscrits au registre pr\u00e9fectoral<\/li>\n<li>s\u00e9curit\u00e9 pour les foires, les \u00e9v\u00e9nements et les galas \u00e0 Milan<\/li>\n<li>service classique de garde du corps et de videur \u00e0 Milan<\/li>\n<li>escorte et accompagnement professionnel de VIP, c\u00e9l\u00e9brit\u00e9s avec voitures officielles \u00e0 Milan<\/li>\n<\/ul>\n<\/div><\/div><\/div><\/div><div class=\"wpb_column vc_column_container\"><div class=\"vc_column-inner\"><div class=\"wpb_text_column\"><div class=\"wpb_wrapper\"><ul>\n<li>pr\u00e9vention des incendies ex 626\/94 Leg. 81\/2008<\/li>\n<li>contr\u00f4le des flux d&rsquo;entr\u00e9e et de sortie lors des concerts, r\u00e9unions et congr\u00e8s \u00e0 Milan<\/li>\n<li>surveillance, gardiennage et conciergerie dans des h\u00f4tels, des villas priv\u00e9es, des chantiers de construction \u00e0 Milan<\/li>\n<li>ouverture\/fermeture de centres commerciaux \u00e0 Milan<\/li>\n<li>Vid\u00e9osurveillance de centres commerciaux, de parkings et d&rsquo;installations de production \u00e0 Milan<\/li>\n<\/ul>\n<\/div><\/div><\/div><\/div><div class=\"wpb_column vc_column_container\"><div class=\"vc_column-inner\"><\/div><\/div><\/div><\/div><\/div><\/div><\/div><\/section><section class=\"l-section wpb_row height_custom\"><div class=\"l-section-overlay\" style=\"background:linear-gradient(90deg,#034e4a,#0c7a75)\"><\/div><div class=\"l-section-h i-cf\"><div class=\"g-cols vc_row via_grid cols_3 laptops-cols_inherit tablets-cols_inherit mobiles-cols_1 valign_top type_default stacking_default\"><div class=\"wpb_column vc_column_container\"><div class=\"vc_column-inner\">[vc_custom_heading text=\u00a0\u00bbCONTACTEZ-NOUS MAINTENANT\u00a0\u00bb font_container=\u00a0\u00bbtag:p|text_align:center\u00a0\u00bb google_fonts=\u00a0\u00bbfont_family:Anton%3Aregular|font_style:400%20regular%3A400%3Anormal\u00a0\u00bb css=\u00a0\u00bb%7B%22default%22%3A%7B%22color%22%3A%22%23ffffff%22%2C%22font-size%22%3A%2260px%22%2C%22line-height%22%3A%2260px%22%2C%22text-shadow-h-offset%22%3A%223px%22%2C%22text-shadow-v-offset%22%3A%223px%22%2C%22text-shadow-blur%22%3A%2210px%22%2C%22text-shadow-color%22%3A%22%232b2b2b%22%7D%7D\u00a0\u00bb]<div class=\"w-separator size_small\"><\/div><\/div><\/div><div class=\"wpb_column vc_column_container\"><div class=\"vc_column-inner\"><div class=\"w-btn-wrapper width_full\"><a class=\"w-btn us-btn-style_1 icon_atleft\" href=\"tel:+390495918781\"><i class=\"fad fa-fad fa-mobile\"><\/i><span class=\"w-btn-label\">+39 049 591 8781<\/span><\/a><\/div><\/div><\/div><div class=\"wpb_column vc_column_container\"><div class=\"vc_column-inner\"><div class=\"w-btn-wrapper width_full\"><a class=\"w-btn us-btn-style_1 icon_atleft\" href=\"mailto:booking@lzmanagement.it\"><i class=\"fad fa-fad fa-envelope\"><\/i><span class=\"w-btn-label\">booking@lzmanagement.it<\/span><\/a><\/div><\/div><\/div><\/div><\/div><\/section><section class=\"l-section wpb_row background-servizi height_large\"><div class=\"l-section-h i-cf\"><div class=\"g-cols vc_row via_grid cols_1 laptops-cols_inherit tablets-cols_inherit mobiles-cols_1 valign_top type_default stacking_default\"><div class=\"wpb_column vc_column_container\"><div class=\"vc_column-inner\"><section class=\"l-section wpb_row height_auto\"><div class=\"l-section-h i-cf\"><div class=\"g-cols vc_row via_grid cols_1 laptops-cols_inherit tablets-cols_inherit mobiles-cols_1 valign_top type_default stacking_default\"><div class=\"wpb_column vc_column_container\"><div class=\"vc_column-inner\">[vc_custom_heading text=\u00a0\u00bbNOS SERVICES\u00a0\u00bb font_container=\u00a0\u00bbtag:p|text_align:center|color:%23ffffff\u00a0\u00bb google_fonts=\u00a0\u00bbfont_family:Anton%3Aregular|font_style:400%20regular%3A400%3Anormal\u00a0\u00bb css=\u00a0\u00bb%7B%22default%22%3A%7B%22color%22%3A%22%23ffffff%22%2C%22font-size%22%3A%225rem%22%2C%22line-height%22%3A%225rem%22%2C%22font-style%22%3A%22normal%22%2C%22text-shadow-h-offset%22%3A%226px%22%2C%22text-shadow-v-offset%22%3A%227px%22%2C%22text-shadow-blur%22%3A%228px%22%2C%22text-shadow-color%22%3A%22_header_middle_bg%22%7D%2C%22laptops%22%3A%7B%22color%22%3A%22%23ffffff%22%7D%2C%22tablets%22%3A%7B%22color%22%3A%22%23ffffff%22%2C%22font-size%22%3A%224rem%22%2C%22line-height%22%3A%224rem%22%7D%2C%22mobiles%22%3A%7B%22color%22%3A%22%23ffffff%22%2C%22font-size%22%3A%223rem%22%2C%22line-height%22%3A%223rem%22%7D%7D\u00a0\u00bb el_class=\u00a0\u00bbtitolo-lz\u00a0\u00bb]<div class=\"w-separator size_medium\"><\/div><div class=\"g-cols wpb_row us_custom_7a049287 via_grid cols_3 laptops-cols_inherit tablets-cols_inherit mobiles-cols_1 valign_middle type_boxes\" style=\"grid-gap:3.5%;\"><div class=\"wpb_column vc_column_container us_custom_cbe180b3 has-link\"><div class=\"vc_column-inner\"><div class=\"w-iconbox us_custom_67b6827d iconpos_top style_default color_primary align_center no_text\"><a href=\"#\" class=\"w-iconbox-link\" aria-label=\"S\u00e9curit\u00e9 priv\u00e9e\"><div class=\"w-iconbox-icon\" style=\"font-size:3rem;\"><i class=\"fad fa-fad fa-user-headset\"><\/i><\/div><\/a><div class=\"w-iconbox-meta\"><a href=\"#\" class=\"w-iconbox-link\" aria-label=\"S\u00e9curit\u00e9 priv\u00e9e\"><h3 class=\"w-iconbox-title\">S\u00e9curit\u00e9 priv\u00e9e<\/h3><\/a><\/div><\/div><\/div><a title=\"Sicurezza Privata\" href=\"https:\/\/www.lzmanagement.it\/sicurezza-privata\/\" class=\"vc_column-link smooth-scroll\"><\/a><\/div><div class=\"wpb_column vc_column_container us_custom_cbe180b3\"><div class=\"vc_column-inner\"><div class=\"w-iconbox us_custom_67b6827d iconpos_top style_default color_primary align_center no_text\"><a title=\"N.C.C. Location de voiture avec chauffeur\" href=\"https:\/\/www.lzmanagement.it\/fr\/n-c-c-location-de-voiture-avec-chauffeur\/\" class=\"w-iconbox-link\" aria-label=\"Location de voiture avec chauffeur \u00e0 la CCN\"><div class=\"w-iconbox-icon\" style=\"font-size:3rem;\"><i class=\"fad fa-fad fa-car\"><\/i><\/div><\/a><div class=\"w-iconbox-meta\"><a title=\"N.C.C. Location de voiture avec chauffeur\" href=\"https:\/\/www.lzmanagement.it\/fr\/n-c-c-location-de-voiture-avec-chauffeur\/\" class=\"w-iconbox-link\" aria-label=\"Location de voiture avec chauffeur \u00e0 la CCN\"><h3 class=\"w-iconbox-title\">Location de voiture avec chauffeur \u00e0 la CCN<\/h3><\/a><\/div><\/div><\/div><\/div><div class=\"wpb_column vc_column_container us_custom_cbe180b3\"><div class=\"vc_column-inner\"><div class=\"w-iconbox us_custom_67b6827d iconpos_top style_default color_primary align_center no_text\"><a title=\"Acheteur personnel\" href=\"https:\/\/www.lzmanagement.it\/fr\/acheteur-personnel\/\" class=\"w-iconbox-link\" aria-label=\"Acheteur personnel\"><div class=\"w-iconbox-icon\" style=\"font-size:3rem;\"><i class=\"fad fa-fad fa-bags-shopping\"><\/i><\/div><\/a><div class=\"w-iconbox-meta\"><a title=\"Acheteur personnel\" href=\"https:\/\/www.lzmanagement.it\/fr\/acheteur-personnel\/\" class=\"w-iconbox-link\" aria-label=\"Acheteur personnel\"><h3 class=\"w-iconbox-title\">Acheteur personnel<\/h3><\/a><\/div><\/div><\/div><\/div><\/div><div class=\"w-separator size_small\"><\/div><div class=\"g-cols wpb_row us_custom_7a049287 via_grid cols_3 laptops-cols_inherit tablets-cols_inherit mobiles-cols_1 valign_middle type_boxes stacking_default\"><div class=\"wpb_column vc_column_container us_custom_510b2e19\"><div class=\"vc_column-inner\"><div class=\"w-iconbox us_custom_67b6827d iconpos_top style_default color_primary align_center no_text\"><a title=\"Entra\u00eeneur personnel\" href=\"https:\/\/www.lzmanagement.it\/fr\/entraineur-personnel\/\" class=\"w-iconbox-link\" aria-label=\"Entra\u00eeneur personnel\"><div class=\"w-iconbox-icon\" style=\"font-size:3rem;\"><i class=\"fad fa-fad fa-basketball-ball\"><\/i><\/div><\/a><div class=\"w-iconbox-meta\"><a title=\"Entra\u00eeneur personnel\" href=\"https:\/\/www.lzmanagement.it\/fr\/entraineur-personnel\/\" class=\"w-iconbox-link\" aria-label=\"Entra\u00eeneur personnel\"><h3 class=\"w-iconbox-title\">Entra\u00eeneur personnel<\/h3><\/a><\/div><\/div><\/div><\/div><div class=\"wpb_column vc_column_container us_custom_510b2e19\"><div class=\"vc_column-inner\"><div class=\"w-iconbox us_custom_67b6827d iconpos_top style_default color_primary align_center no_text\"><a title=\"H\u00f4tesses et promoteurs\" href=\"https:\/\/www.lzmanagement.it\/fr\/hotesses-et-promoteurs\/\" class=\"w-iconbox-link\" aria-label=\"H\u00f4tesses et promoteurs\"><div class=\"w-iconbox-icon\" style=\"font-size:3rem;\"><i class=\"fad fa-fad fa-umbrella\"><\/i><\/div><\/a><div class=\"w-iconbox-meta\"><a title=\"H\u00f4tesses et promoteurs\" href=\"https:\/\/www.lzmanagement.it\/fr\/hotesses-et-promoteurs\/\" class=\"w-iconbox-link\" aria-label=\"H\u00f4tesses et promoteurs\"><h3 class=\"w-iconbox-title\">H\u00f4tesses et promoteurs<\/h3><\/a><\/div><\/div><\/div><\/div><div class=\"wpb_column vc_column_container us_custom_510b2e19\"><div class=\"vc_column-inner\"><div class=\"w-iconbox us_custom_67b6827d iconpos_top style_default color_primary align_center no_text\"><a title=\"Enqu\u00eates priv\u00e9es et d&#039;entreprises\" href=\"https:\/\/www.lzmanagement.it\/fr\/enquetes-privees-et-dentreprises\/\" class=\"w-iconbox-link\" aria-label=\"Enqu\u00eates\"><div class=\"w-iconbox-icon\" style=\"font-size:3rem;\"><i class=\"fad fa-fad fa-glasses\"><\/i><\/div><\/a><div class=\"w-iconbox-meta\"><a title=\"Enqu\u00eates priv\u00e9es et d&#039;entreprises\" href=\"https:\/\/www.lzmanagement.it\/fr\/enquetes-privees-et-dentreprises\/\" class=\"w-iconbox-link\" aria-label=\"Enqu\u00eates\"><h3 class=\"w-iconbox-title\">Enqu\u00eates<\/h3><\/a><\/div><\/div><\/div><\/div><\/div><div class=\"w-separator size_small\"><\/div><div class=\"g-cols wpb_row us_custom_7a049287 via_grid cols_3 laptops-cols_inherit tablets-cols_inherit mobiles-cols_1 valign_middle type_default stacking_default\"><div class=\"wpb_column vc_column_container us_custom_510b2e19\"><div class=\"vc_column-inner\"><div class=\"w-iconbox us_custom_67b6827d iconpos_top style_default color_primary align_center no_text\"><a title=\"Syst\u00e8mes de s\u00e9curit\u00e9 et de vid\u00e9osurveillance\" href=\"https:\/\/www.lzmanagement.it\/fr\/systemes-de-securite-et-de-videosurveillance\/\" class=\"w-iconbox-link\" aria-label=\"Syst\u00e8mes de s\u00e9curit\u00e9 et de vid\u00e9osurveillance\"><div class=\"w-iconbox-icon\" style=\"font-size:3rem;\"><i class=\"fad fa-fad fa-camera-home\"><\/i><\/div><\/a><div class=\"w-iconbox-meta\"><a title=\"Syst\u00e8mes de s\u00e9curit\u00e9 et de vid\u00e9osurveillance\" href=\"https:\/\/www.lzmanagement.it\/fr\/systemes-de-securite-et-de-videosurveillance\/\" class=\"w-iconbox-link\" aria-label=\"Syst\u00e8mes de s\u00e9curit\u00e9 et de vid\u00e9osurveillance\"><h3 class=\"w-iconbox-title\">Syst\u00e8mes de s\u00e9curit\u00e9 et de vid\u00e9osurveillance<\/h3><\/a><\/div><\/div><\/div><\/div><div class=\"wpb_column vc_column_container us_custom_510b2e19\"><div class=\"vc_column-inner\"><div class=\"w-iconbox us_custom_67b6827d iconpos_top style_default color_primary align_center no_text\"><a title=\"blog\" href=\"https:\/\/www.lzmanagement.it\/fr\/blog\/\" class=\"w-iconbox-link\" aria-label=\"BLOG\"><div class=\"w-iconbox-icon\" style=\"font-size:3rem;\"><i class=\"fad fa-fad fa-book-open\"><\/i><\/div><\/a><div class=\"w-iconbox-meta\"><a title=\"blog\" href=\"https:\/\/www.lzmanagement.it\/fr\/blog\/\" class=\"w-iconbox-link\" aria-label=\"BLOG\"><h3 class=\"w-iconbox-title\">BLOG<\/h3><\/a><\/div><\/div><\/div><\/div><div class=\"wpb_column vc_column_container us_custom_510b2e19\"><div class=\"vc_column-inner\"><div class=\"w-iconbox us_custom_67b6827d iconpos_top style_default color_primary align_center no_text\"><a title=\"Cours de formation \u00e0 la s\u00e9curit\u00e9\" href=\"https:\/\/www.lzmanagement.it\/fr\/cours-de-formation-a-la-securite\/\" class=\"w-iconbox-link\" aria-label=\"Cours de formation et de s\u00e9curit\u00e9\"><div class=\"w-iconbox-icon\" style=\"font-size:3rem;\"><i class=\"fad fa-fad fa-microphone-alt\"><\/i><\/div><\/a><div class=\"w-iconbox-meta\"><a title=\"Cours de formation \u00e0 la s\u00e9curit\u00e9\" href=\"https:\/\/www.lzmanagement.it\/fr\/cours-de-formation-a-la-securite\/\" class=\"w-iconbox-link\" aria-label=\"Cours de formation et de s\u00e9curit\u00e9\"><h3 class=\"w-iconbox-title\">Cours de formation et de s\u00e9curit\u00e9<\/h3><\/a><\/div><\/div><\/div><\/div><\/div><\/div><\/div><\/div><\/div><\/section>\n<\/div><\/div><\/div><\/div><\/section>\n","protected":false},"excerpt":{"rendered":"[vc_custom_heading text=\"Milan : agence de videurs et de gardes du corps\" font_container=\"tag:h1|text_align:center|color:%23ffffff\" google_fonts=\"font_family:Anton%3Aregular|font_style:400%20regular%3A400%3Anormal\" css=\"%7B%22default%22%3A%7B%22color%22%3A%22%23ffffff%22%2C%22font-size%22%3A%225rem%22%2C%22line-height%22%3A%225rem%22%2C%22font-style%22%3A%22italic%22%2C%22text-shadow-h-offset%22%3A%226px%22%2C%22text-shadow-v-offset%22%3A%227px%22%2C%22text-shadow-blur%22%3A%228px%22%2C%22text-shadow-color%22%3A%22_header_middle_bg%22%7D%2C%22laptops%22%3A%7B%22color%22%3A%22%23ffffff%22%7D%2C%22tablets%22%3A%7B%22color%22%3A%22%23ffffff%22%2C%22font-size%22%3A%223rem%22%2C%22line-height%22%3A%223rem%22%7D%2C%22mobiles%22%3A%7B%22color%22%3A%22%23ffffff%22%2C%22font-size%22%3A%223rem%22%2C%22line-height%22%3A%223rem%22%7D%7D\" el_class=\"titolo-lz\"] videurs et gardes du corps \u00e0 Milan et dans toute la province de Milan Notre agence de s\u00e9curit\u00e9, videurs et gardes du corps \u00e0 Milan Notre agence de s\u00e9curit\u00e9 est l&rsquo;une des rares \u00e0 ne proposer que des op\u00e9rateurs inscrits...","protected":false},"author":1,"featured_media":0,"parent":0,"menu_order":0,"comment_status":"closed","ping_status":"closed","template":"","meta":{"footnotes":""},"class_list":["post-1629","page","type-page","status-publish","hentry"],"yoast_head":"<!-- This site is optimized with the Yoast SEO plugin v27.5 - https:\/\/yoast.com\/product\/yoast-seo-wordpress\/ -->\n<title>Milan : agence de videurs et de gardes du corps - LZ Management<\/title>\n<meta name=\"description\" content=\"Agence de s\u00e9curit\u00e9 qualifi\u00e9e, videurs et gardes du corps \u00e0 Milan. Pour les \u00e9v\u00e9nements, les foires et les soir\u00e9es VIP. Ne prenez pas de risques en mati\u00e8re de s\u00e9curit\u00e9. Contactez nous maintenant !\" \/>\n<meta name=\"robots\" content=\"index, follow, max-snippet:-1, max-image-preview:large, max-video-preview:-1\" \/>\n<link rel=\"canonical\" href=\"https:\/\/www.lzmanagement.it\/fr\/milan-agence-de-videurs-et-de-gardes-du-corps\/\" \/>\n<meta property=\"og:locale\" content=\"fr_FR\" \/>\n<meta property=\"og:type\" content=\"article\" \/>\n<meta property=\"og:title\" content=\"Milan : agence de videurs et de gardes du corps - LZ Management\" \/>\n<meta property=\"og:description\" content=\"Agence de s\u00e9curit\u00e9 qualifi\u00e9e, videurs et gardes du corps \u00e0 Milan. Pour les \u00e9v\u00e9nements, les foires et les soir\u00e9es VIP. Ne prenez pas de risques en mati\u00e8re de s\u00e9curit\u00e9. Contactez nous maintenant !\" \/>\n<meta property=\"og:url\" content=\"https:\/\/www.lzmanagement.it\/fr\/milan-agence-de-videurs-et-de-gardes-du-corps\/\" \/>\n<meta property=\"article:modified_time\" content=\"2023-03-30T17:13:45+00:00\" \/>\n<meta name=\"twitter:card\" content=\"summary_large_image\" \/>\n<meta name=\"twitter:label1\" content=\"Dur\u00e9e de lecture estim\u00e9e\" \/>\n\t<meta name=\"twitter:data1\" content=\"3 minutes\" \/>\n<script type=\"application\/ld+json\" class=\"yoast-schema-graph\">{\"@context\":\"https:\\\/\\\/schema.org\",\"@graph\":[{\"@type\":\"WebPage\",\"@id\":\"https:\\\/\\\/www.lzmanagement.it\\\/fr\\\/milan-agence-de-videurs-et-de-gardes-du-corps\\\/\",\"url\":\"https:\\\/\\\/www.lzmanagement.it\\\/fr\\\/milan-agence-de-videurs-et-de-gardes-du-corps\\\/\",\"name\":\"Milan : agence de videurs et de gardes du corps - LZ Management\",\"isPartOf\":{\"@id\":\"https:\\\/\\\/www.lzmanagement.it\\\/fr\\\/#website\"},\"datePublished\":\"2022-08-05T16:13:02+00:00\",\"dateModified\":\"2023-03-30T17:13:45+00:00\",\"description\":\"Agence de s\u00e9curit\u00e9 qualifi\u00e9e, videurs et gardes du corps \u00e0 Milan. Pour les \u00e9v\u00e9nements, les foires et les soir\u00e9es VIP. Ne prenez pas de risques en mati\u00e8re de s\u00e9curit\u00e9. Contactez nous maintenant !\",\"breadcrumb\":{\"@id\":\"https:\\\/\\\/www.lzmanagement.it\\\/fr\\\/milan-agence-de-videurs-et-de-gardes-du-corps\\\/#breadcrumb\"},\"inLanguage\":\"fr-FR\",\"potentialAction\":[{\"@type\":\"ReadAction\",\"target\":[\"https:\\\/\\\/www.lzmanagement.it\\\/fr\\\/milan-agence-de-videurs-et-de-gardes-du-corps\\\/\"]}]},{\"@type\":\"BreadcrumbList\",\"@id\":\"https:\\\/\\\/www.lzmanagement.it\\\/fr\\\/milan-agence-de-videurs-et-de-gardes-du-corps\\\/#breadcrumb\",\"itemListElement\":[{\"@type\":\"ListItem\",\"position\":1,\"name\":\"Home\",\"item\":\"https:\\\/\\\/www.lzmanagement.it\\\/fr\\\/lz-management-accueil\\\/\"},{\"@type\":\"ListItem\",\"position\":2,\"name\":\"Milan : agence de videurs et de gardes du corps\"}]},{\"@type\":\"WebSite\",\"@id\":\"https:\\\/\\\/www.lzmanagement.it\\\/fr\\\/#website\",\"url\":\"https:\\\/\\\/www.lzmanagement.it\\\/fr\\\/\",\"name\":\"\",\"description\":\"\",\"publisher\":{\"@id\":\"https:\\\/\\\/www.lzmanagement.it\\\/fr\\\/#organization\"},\"potentialAction\":[{\"@type\":\"SearchAction\",\"target\":{\"@type\":\"EntryPoint\",\"urlTemplate\":\"https:\\\/\\\/www.lzmanagement.it\\\/fr\\\/?s={search_term_string}\"},\"query-input\":{\"@type\":\"PropertyValueSpecification\",\"valueRequired\":true,\"valueName\":\"search_term_string\"}}],\"inLanguage\":\"fr-FR\"},{\"@type\":\"Organization\",\"@id\":\"https:\\\/\\\/www.lzmanagement.it\\\/fr\\\/#organization\",\"name\":\"Lz Management - BODYGUARD \u2013 NOLEGGIO CON CONDUCENTE \u2013 SICUREZZA PRIVATA\",\"url\":\"https:\\\/\\\/www.lzmanagement.it\\\/fr\\\/\",\"logo\":{\"@type\":\"ImageObject\",\"inLanguage\":\"fr-FR\",\"@id\":\"https:\\\/\\\/www.lzmanagement.it\\\/fr\\\/#\\\/schema\\\/logo\\\/image\\\/\",\"url\":\"https:\\\/\\\/www.lzmanagement.it\\\/wp-content\\\/uploads\\\/2022\\\/06\\\/Sicurezza-privata-LZ-management.png\",\"contentUrl\":\"https:\\\/\\\/www.lzmanagement.it\\\/wp-content\\\/uploads\\\/2022\\\/06\\\/Sicurezza-privata-LZ-management.png\",\"width\":592,\"height\":149,\"caption\":\"Lz Management - BODYGUARD \u2013 NOLEGGIO CON CONDUCENTE \u2013 SICUREZZA PRIVATA\"},\"image\":{\"@id\":\"https:\\\/\\\/www.lzmanagement.it\\\/fr\\\/#\\\/schema\\\/logo\\\/image\\\/\"},\"sameAs\":[\"https:\\\/\\\/www.linkedin.com\\\/company\\\/lzmanagement\\\/\"]}]}<\/script>\n<!-- \/ Yoast SEO plugin. -->","yoast_head_json":{"title":"Milan : agence de videurs et de gardes du corps - LZ Management","description":"Agence de s\u00e9curit\u00e9 qualifi\u00e9e, videurs et gardes du corps \u00e0 Milan. Pour les \u00e9v\u00e9nements, les foires et les soir\u00e9es VIP. Ne prenez pas de risques en mati\u00e8re de s\u00e9curit\u00e9. Contactez nous maintenant !","robots":{"index":"index","follow":"follow","max-snippet":"max-snippet:-1","max-image-preview":"max-image-preview:large","max-video-preview":"max-video-preview:-1"},"canonical":"https:\/\/www.lzmanagement.it\/fr\/milan-agence-de-videurs-et-de-gardes-du-corps\/","og_locale":"fr_FR","og_type":"article","og_title":"Milan : agence de videurs et de gardes du corps - LZ Management","og_description":"Agence de s\u00e9curit\u00e9 qualifi\u00e9e, videurs et gardes du corps \u00e0 Milan. Pour les \u00e9v\u00e9nements, les foires et les soir\u00e9es VIP. Ne prenez pas de risques en mati\u00e8re de s\u00e9curit\u00e9. Contactez nous maintenant !","og_url":"https:\/\/www.lzmanagement.it\/fr\/milan-agence-de-videurs-et-de-gardes-du-corps\/","article_modified_time":"2023-03-30T17:13:45+00:00","twitter_card":"summary_large_image","twitter_misc":{"Dur\u00e9e de lecture estim\u00e9e":"3 minutes"},"schema":{"@context":"https:\/\/schema.org","@graph":[{"@type":"WebPage","@id":"https:\/\/www.lzmanagement.it\/fr\/milan-agence-de-videurs-et-de-gardes-du-corps\/","url":"https:\/\/www.lzmanagement.it\/fr\/milan-agence-de-videurs-et-de-gardes-du-corps\/","name":"Milan : agence de videurs et de gardes du corps - LZ Management","isPartOf":{"@id":"https:\/\/www.lzmanagement.it\/fr\/#website"},"datePublished":"2022-08-05T16:13:02+00:00","dateModified":"2023-03-30T17:13:45+00:00","description":"Agence de s\u00e9curit\u00e9 qualifi\u00e9e, videurs et gardes du corps \u00e0 Milan. Pour les \u00e9v\u00e9nements, les foires et les soir\u00e9es VIP. Ne prenez pas de risques en mati\u00e8re de s\u00e9curit\u00e9. Contactez nous maintenant !","breadcrumb":{"@id":"https:\/\/www.lzmanagement.it\/fr\/milan-agence-de-videurs-et-de-gardes-du-corps\/#breadcrumb"},"inLanguage":"fr-FR","potentialAction":[{"@type":"ReadAction","target":["https:\/\/www.lzmanagement.it\/fr\/milan-agence-de-videurs-et-de-gardes-du-corps\/"]}]},{"@type":"BreadcrumbList","@id":"https:\/\/www.lzmanagement.it\/fr\/milan-agence-de-videurs-et-de-gardes-du-corps\/#breadcrumb","itemListElement":[{"@type":"ListItem","position":1,"name":"Home","item":"https:\/\/www.lzmanagement.it\/fr\/lz-management-accueil\/"},{"@type":"ListItem","position":2,"name":"Milan : agence de videurs et de gardes du corps"}]},{"@type":"WebSite","@id":"https:\/\/www.lzmanagement.it\/fr\/#website","url":"https:\/\/www.lzmanagement.it\/fr\/","name":"","description":"","publisher":{"@id":"https:\/\/www.lzmanagement.it\/fr\/#organization"},"potentialAction":[{"@type":"SearchAction","target":{"@type":"EntryPoint","urlTemplate":"https:\/\/www.lzmanagement.it\/fr\/?s={search_term_string}"},"query-input":{"@type":"PropertyValueSpecification","valueRequired":true,"valueName":"search_term_string"}}],"inLanguage":"fr-FR"},{"@type":"Organization","@id":"https:\/\/www.lzmanagement.it\/fr\/#organization","name":"Lz Management - BODYGUARD \u2013 NOLEGGIO CON CONDUCENTE \u2013 SICUREZZA PRIVATA","url":"https:\/\/www.lzmanagement.it\/fr\/","logo":{"@type":"ImageObject","inLanguage":"fr-FR","@id":"https:\/\/www.lzmanagement.it\/fr\/#\/schema\/logo\/image\/","url":"https:\/\/www.lzmanagement.it\/wp-content\/uploads\/2022\/06\/Sicurezza-privata-LZ-management.png","contentUrl":"https:\/\/www.lzmanagement.it\/wp-content\/uploads\/2022\/06\/Sicurezza-privata-LZ-management.png","width":592,"height":149,"caption":"Lz Management - BODYGUARD \u2013 NOLEGGIO CON CONDUCENTE \u2013 SICUREZZA PRIVATA"},"image":{"@id":"https:\/\/www.lzmanagement.it\/fr\/#\/schema\/logo\/image\/"},"sameAs":["https:\/\/www.linkedin.com\/company\/lzmanagement\/"]}]}},"_links":{"self":[{"href":"https:\/\/www.lzmanagement.it\/fr\/wp-json\/wp\/v2\/pages\/1629","targetHints":{"allow":["GET"]}}],"collection":[{"href":"https:\/\/www.lzmanagement.it\/fr\/wp-json\/wp\/v2\/pages"}],"about":[{"href":"https:\/\/www.lzmanagement.it\/fr\/wp-json\/wp\/v2\/types\/page"}],"author":[{"embeddable":true,"href":"https:\/\/www.lzmanagement.it\/fr\/wp-json\/wp\/v2\/users\/1"}],"replies":[{"embeddable":true,"href":"https:\/\/www.lzmanagement.it\/fr\/wp-json\/wp\/v2\/comments?post=1629"}],"version-history":[{"count":1,"href":"https:\/\/www.lzmanagement.it\/fr\/wp-json\/wp\/v2\/pages\/1629\/revisions"}],"predecessor-version":[{"id":1632,"href":"https:\/\/www.lzmanagement.it\/fr\/wp-json\/wp\/v2\/pages\/1629\/revisions\/1632"}],"wp:attachment":[{"href":"https:\/\/www.lzmanagement.it\/fr\/wp-json\/wp\/v2\/media?parent=1629"}],"curies":[{"name":"wp","href":"https:\/\/api.w.org\/{rel}","templated":true}]}}